{"id":2247,"date":"2018-10-02T11:38:37","date_gmt":"2018-10-02T09:38:37","guid":{"rendered":"http:\/\/www.hoerhof.de\/2019\/?page_id=2247"},"modified":"2021-05-19T20:51:49","modified_gmt":"2021-05-19T18:51:49","slug":"presse-und-film","status":"publish","type":"page","link":"https:\/\/www.hoerhof.de\/start\/presse-und-film\/","title":{"rendered":"Presse"},"content":{"rendered":"<section class=\"wpb-content-wrapper\"><p>[vc_row full_width=&#8221;stretch_row_content_no_spaces&#8221;][vc_column width=&#8221;1\/6&#8243;][\/vc_column][vc_column width=&#8221;5\/6&#8243;]<img decoding=\"async\"  id=\"start-img\" class=\"img-responsive  \" src=\"https:\/\/www.hoerhof.de\/start\/wp-content\/uploads\/2018\/11\/pressefilm.png\" alt=\"\">[\/vc_column][\/vc_row][vc_row][vc_column css=&#8221;.vc_custom_1538474433609{margin-top: -10px !important;margin-bottom: 0px !important;}&#8221;][vc_row_inner][vc_column_inner width=&#8221;1\/2&#8243; css=&#8221;.vc_custom_1538474405016{padding-top: 0px !important;padding-right: 0px !important;padding-bottom: 0px !important;padding-left: 15px !important;}&#8221;]<link href='http:\/\/fonts.googleapis.com\/css?family=Ubuntu:400' rel='stylesheet' type='text\/css'><div  class=\"special-text\" style=\" font-family:Ubuntu, san-serif; font-size:80px; font-weight:400; line-height:1; text-align:left; color:#162c41; margin-top:100px;\"><p class=\"p1\"><span class=\"s1\">PRESSE &amp; FILM<\/span><\/p>\n<\/div>[\/vc_column_inner][vc_column_inner width=&#8221;1\/2&#8243;][\/vc_column_inner][\/vc_row_inner][\/vc_column][\/vc_row][vc_row css=&#8221;.vc_custom_1538055256041{padding-top: 150px !important;padding-bottom: 150px !important;}&#8221;][vc_column css=&#8221;.vc_custom_1537887176394{padding-right: 100px !important;}&#8221;][vc_row_inner][vc_column_inner]<link href='http:\/\/fonts.googleapis.com\/css?family=Playfair+Display:300' rel='stylesheet' type='text\/css'><h4  class=\"special-text\" style=\" font-family:Playfair Display, san-serif; font-size:16px; font-weight:300; line-height:1.7em; color:#9a8a61; text-transform:uppercase; letter-spacing:6px;\"><p>Zeitungsartikel<\/p>\n<\/h4>[vc_empty_space height=&#8221;40&#8243;][\/vc_column_inner][\/vc_row_inner][vc_row_inner el_class=&#8221;pdf&#8221;][vc_column_inner width=&#8221;1\/2&#8243;]<div class=\"text-block \" ><div class=\"simple-text \"><p class=\"p1\"><a href=\"https:\/\/guide.michelin.com\/de\/de\/hessen\/idstein\/restaurant\/henrich-hoer-s-speisezimmer\" target=\"_blank\" rel=\"noopener noreferrer\"><span class=\"s1\">Guide Michelin\u00a0<\/span><\/a><\/p>\n<p>&nbsp;<\/p>\n<p class=\"p1\"><a href=\"https:\/\/www.gusto-online.de\/heinrich-h%C3%B6ers-speisezimmer.html\"><span class=\"s1\">Gusto<\/span><\/a><\/p>\n<p>&nbsp;<\/p>\n<p><a href=\"https:\/\/www.hoerhof.de\/start\/wp-content\/uploads\/2020\/09\/TOP_S20_Hoeerhof2-min.pdf\">Top Magazin Frankfurt 2020<\/a><\/p>\n<p>&nbsp;<\/p>\n<p><a href=\"https:\/\/www.hoerhof.de\/start\/wp-content\/uploads\/2020\/09\/TOP_S19_Hoeerhof.pdf\">Top Magazin Frankfurt 2019<\/a><\/p>\n<p>&nbsp;<\/p>\n<p class=\"p1\"><a href=\"https:\/\/www.hoerhof.de\/fileadmin\/download\/presse\/Hessische_Weiberwirtschaften.pdf\"><span class=\"s1\">Buch \u00fcber &#8220;Weiberwirtschaften&#8221; in Hessen<\/span><\/a><\/p>\n<p>&nbsp;<\/p>\n<p class=\"p1\"><a href=\"https:\/\/www.hoerhof.de\/fileadmin\/download\/presse\/Feinschmecker_2014.pdf\"><span class=\"s1\">Feinschmecker 2018\/2019<\/span><\/a><\/p>\n<\/div><\/div>[\/vc_column_inner][vc_column_inner width=&#8221;1\/2&#8243;]<div class=\"text-block \" ><div class=\"simple-text \"><div id=\"c1053\" class=\"csc-default\">\n<div class=\"csc-textpic csc-textpic-intext-left-nowrap\">\n<div>\n<div class=\"csc-textpic-text\">\n<p><a class=\"download\" title=\"Initiates file download\" href=\"https:\/\/www.hoerhof.de\/fileadmin\/download\/presse\/Gate_to_Travel.pdf\" target=\"_blank\" rel=\"noopener noreferrer\">Gate to travel 2014\/2015<\/a><\/p>\n<p>&nbsp;<\/p>\n<\/div>\n<\/div>\n<\/div>\n<\/div>\n<div id=\"c739\" class=\"csc-default\">\n<div class=\"csc-textpic csc-textpic-intext-left-nowrap\">\n<div>\n<div class=\"csc-textpic-text\">\n<p><a href=\"https:\/\/www.hoerhof.de\/fileadmin\/download\/presse\/2013-05-18_Frankfurter-Rundschau.pdf\" target=\"_blank\" rel=\"noopener noreferrer\">Bericht aus der Frankfurter Rundschau<\/a><\/p>\n<p>&nbsp;<\/p>\n<\/div>\n<\/div>\n<\/div>\n<\/div>\n<div id=\"c808\" class=\"csc-default\">\n<div class=\"csc-textpic csc-textpic-intext-left\">\n<div class=\"csc-textpic-text\">\n<p><a class=\"download\" title=\"Initiates file download\" href=\"https:\/\/www.hoerhof.de\/start\/wp-content\/uploads\/2019\/03\/20181017_134801-e1552917800640.jpg\">K\u00fcchen-Tipp im Vartaf\u00fchrer 2019<\/a><\/p>\n<p>&nbsp;<\/p>\n<\/div>\n<\/div>\n<\/div>\n<div id=\"c810\" class=\"csc-default\">\n<div class=\"csc-textpic csc-textpic-intext-left-nowrap\">\n<div>\n<div class=\"csc-textpic-text\">\n<p><a class=\"download\" title=\"Initiates file download\" href=\"https:\/\/www.hoerhof.de\/fileadmin\/download\/presse\/Taunus_und_Rhein_Main_geht_aus.pdf\" target=\"_blank\" rel=\"noopener noreferrer\">Taunus und Rhein Main geht aus 2014<\/a><\/p>\n<p>&nbsp;<\/p>\n<\/div>\n<\/div>\n<\/div>\n<\/div>\n<div id=\"c808\" class=\"csc-default\">\n<div class=\"csc-textpic csc-textpic-intext-left\">\n<div class=\"csc-textpic-text\">\n<p><a class=\"download\" title=\"Initiates file download\" href=\"https:\/\/www.hoerhof.de\/start\/wp-content\/uploads\/2019\/03\/Hoerhof-3.pdf\" target=\"_blank\" rel=\"noopener noreferrer\">Top Hotel &#8211; Die besten Tagungshotels 2019<\/a><\/p>\n<\/div>\n<\/div>\n<\/div>\n<\/div><\/div>[\/vc_column_inner][\/vc_row_inner][\/vc_column][\/vc_row][vc_row css=&#8221;.vc_custom_1538482961427{padding-top: 0px !important;padding-bottom: 150px !important;}&#8221;][vc_column css=&#8221;.vc_custom_1537887176394{padding-right: 100px !important;}&#8221;][vc_row_inner][vc_column_inner]<link href='http:\/\/fonts.googleapis.com\/css?family=Playfair+Display:300' rel='stylesheet' type='text\/css'><h4  class=\"special-text\" style=\" font-family:Playfair Display, san-serif; font-size:16px; font-weight:300; line-height:1.7em; color:#9a8a61; text-transform:uppercase; letter-spacing:6px;\"><p class=\"p1\"><span class=\"s1\">Presseartikel<\/span><\/p>\n<\/h4>[vc_empty_space height=&#8221;40&#8243;][\/vc_column_inner][\/vc_row_inner][vc_row_inner][vc_column_inner width=&#8221;1\/6&#8243; offset=&#8221;vc_hidden-lg vc_hidden-md vc_hidden-sm vc_hidden-xs&#8221;][vc_single_image image=&#8221;2284&#8243; img_size=&#8221;full&#8221;][\/vc_column_inner][vc_column_inner width=&#8221;5\/6&#8243; offset=&#8221;vc_hidden-lg vc_hidden-md vc_hidden-sm vc_hidden-xs&#8221;]<div  class=\"special-text\" style=\" font-weight:300; text-align:left; text-transform:uppercase;30\"><p class=\"p1\"><span class=\"s1\"><b>H\u00f6erhof engagiert Christian Buer<\/b><\/span><\/p>\n<\/div><div class=\"text-block \" ><div class=\"simple-text \"><p>Die Suche hat nun endlich ein Ende:<br \/>\nAb dem 1. Juli 2013 \u00fcbernimmt Christian Buer die Leitung in der K\u00fcche des Idsteiner H\u00f6erhofs.<\/p>\n<\/div><\/div><link href='http:\/\/fonts.googleapis.com\/css?family=Ubuntu:700' rel='stylesheet' type='text\/css'><div  class=\"special-text\" style=\" font-family:Ubuntu, san-serif; font-size:12px; font-weight:700; text-align:left; color:#9a8a61; text-transform:uppercase; letter-spacing:1px; margin-top:25px;\"><p><a href=\"https:\/\/www.genussmagazin-frankfurt.de\/gastro_news\/Hin-und-Weg-20\/Neuer-Kuechenchef-Hoeerhof-engagiert-Christian-Buer-18698.html?newsletter_id=1446\">Mehr erfahren<i class=\"vc_btn3-icon fa fa-arrow-right\" style=\"font-weight: normal !important; font-size: 8px !important; margin-left: 10px; top: -2px; position: relative;\"><\/i><\/a><\/p>\n<\/div>[\/vc_column_inner][\/vc_row_inner][vc_separator][vc_row_inner][vc_column_inner width=&#8221;1\/6&#8243;][vc_single_image image=&#8221;2314&#8243; img_size=&#8221;full&#8221;][\/vc_column_inner][vc_column_inner width=&#8221;5\/6&#8243;]<div  class=\"special-text\" style=\" font-weight:300; text-align:left; text-transform:uppercase;30\"><p class=\"p1\"><span class=\"s1\"><b>Hessische Weiberwirtschaften<\/b><\/span><\/p>\n<\/div><div class=\"text-block \" ><div class=\"simple-text \"><p>Refugien f\u00fcr Leib und Seele.<br \/>\n30 Wirtinnen und ihre Lieblingsrezepte.<\/p>\n<\/div><\/div><link href='http:\/\/fonts.googleapis.com\/css?family=Ubuntu:700' rel='stylesheet' type='text\/css'><div  class=\"special-text\" style=\" font-family:Ubuntu, san-serif; font-size:12px; font-weight:700; text-align:left; color:#9a8a61; text-transform:uppercase; letter-spacing:1px; margin-top:25px;\"><p><a href=\"https:\/\/www.hoerhof.de\/fileadmin\/download\/presse\/Hessische_Weiberwirtschaften.pdf\">Mehr erfahren<i class=\"vc_btn3-icon fa fa-arrow-right\" style=\"font-weight: normal !important; font-size: 8px !important; margin-left: 10px; top: -2px; position: relative;\"><\/i><\/a><\/p>\n<\/div>[\/vc_column_inner][\/vc_row_inner][vc_separator][vc_row_inner][vc_column_inner width=&#8221;1\/6&#8243;][vc_single_image image=&#8221;2315&#8243; img_size=&#8221;full&#8221;][\/vc_column_inner][vc_column_inner width=&#8221;5\/6&#8243;]<div  class=\"special-text\" style=\" font-weight:300; text-align:left; text-transform:uppercase;30\"><p class=\"p1\"><span class=\"s1\"><b>Kleine Refugien<\/b><\/span><\/p>\n<\/div><div class=\"text-block \" ><div class=\"simple-text \"><p class=\"p1\"><span class=\"s1\">16 charmante Unterk\u00fcnfte zum Wohlf\u00fchlen.<\/span><\/p>\n<\/div><\/div><link href='http:\/\/fonts.googleapis.com\/css?family=Ubuntu:700' rel='stylesheet' type='text\/css'><div  class=\"special-text\" style=\" font-family:Ubuntu, san-serif; font-size:12px; font-weight:700; text-align:left; color:#9a8a61; text-transform:uppercase; letter-spacing:1px; margin-top:25px;\"><p><a href=\"http:\/\/kleine-refugien.de\/\" target=\"_blank\" rel=\"noopener\">Mehr erfahren<i class=\"vc_btn3-icon fa fa-arrow-right\" style=\"font-weight: normal !important; font-size: 8px !important; margin-left: 10px; top: -2px; position: relative;\"><\/i><\/a><\/p>\n<\/div>[\/vc_column_inner][\/vc_row_inner][vc_separator][vc_row_inner][vc_column_inner width=&#8221;1\/6&#8243;][vc_single_image image=&#8221;2283&#8243; img_size=&#8221;full&#8221;][\/vc_column_inner][vc_column_inner width=&#8221;5\/6&#8243;]<div  class=\"special-text\" style=\" font-weight:300; text-align:left; text-transform:uppercase;30\"><p class=\"p1\"><span class=\"s1\"><b>H\u00f6erhof in Idstein baut au<\/b><\/span><span class=\"s2\"><b>s<\/b><\/span><\/p>\n<\/div><div class=\"text-block \" ><div class=\"simple-text \"><p>34 neue Zimmer und ein Tagungssaal f\u00fcr 100 G\u00e4ste:<br \/>\nInhaberin Sabine Kogge will das Hotel-Restaurant H\u00f6erhof vergr\u00f6\u00dfern.<\/p>\n<\/div><\/div><link href='http:\/\/fonts.googleapis.com\/css?family=Ubuntu:700' rel='stylesheet' type='text\/css'><div  class=\"special-text\" style=\" font-family:Ubuntu, san-serif; font-size:12px; font-weight:700; text-align:left; color:#9a8a61; text-transform:uppercase; letter-spacing:1px; margin-top:25px;\"><p><a href=\"https:\/\/www.ahgz.de\/unternehmen\/hoeerhof-in-idstein-baut-aus,200012201325.html\" target=\"_blank\" rel=\"noopener\">Mehr erfahren<i class=\"vc_btn3-icon fa fa-arrow-right\" style=\"font-weight: normal !important; font-size: 8px !important; margin-left: 10px; top: -2px; position: relative;\"><\/i><\/a><\/p>\n<\/div>[\/vc_column_inner][\/vc_row_inner][\/vc_column][\/vc_row][vc_row full_width=&#8221;stretch_row&#8221; css=&#8221;.vc_custom_1538485886126{padding-top: 0px !important;padding-bottom: 0px !important;}&#8221;][vc_column]<link href='http:\/\/fonts.googleapis.com\/css?family=Playfair+Display:300' rel='stylesheet' type='text\/css'><h4  class=\"special-text\" style=\" font-family:Playfair Display, san-serif; font-size:16px; font-weight:300; line-height:1.7em; color:#9a8a61; text-transform:uppercase; letter-spacing:6px;\"><p class=\"p1\"><span class=\"s1\">TV-Ausstrahlungen<\/span><\/p>\n<\/h4>[\/vc_column][\/vc_row][vc_row css=&#8221;.vc_custom_1538486173551{padding-top: 150px !important;}&#8221;][vc_column width=&#8221;1\/2&#8243;][vc_single_image image=&#8221;2647&#8243; img_size=&#8221;full&#8221; onclick=&#8221;custom_link&#8221; img_link_target=&#8221;_blank&#8221; link=&#8221;https:\/\/www.youtube.com\/watch?v=TT713wi21ZE&#8221;][\/vc_column][vc_column width=&#8221;1\/2&#8243;]<div  class=\"special-text\" style=\" font-weight:300; text-align:left; text-transform:uppercase;30\"><p class=\"p1\"><span class=\"s1\"><b>HR &#8211; Fernsehen<\/b><\/span><\/p>\n<\/div><div class=\"text-block \" ><div class=\"simple-text \"><p class=\"p1\"><span class=\"s1\" style=\"color: #ccc;\">22. Oktober 2013<\/span><\/p>\n<p>&nbsp;<\/p>\n<p class=\"p1\"><span class=\"s1\">hr Fernsehen &#8211; Unterwegs in und um Idstein<\/span><\/p>\n<\/div><\/div><link href='http:\/\/fonts.googleapis.com\/css?family=Ubuntu:700' rel='stylesheet' type='text\/css'><div  class=\"special-text\" style=\" font-family:Ubuntu, san-serif; font-size:12px; font-weight:700; text-align:left; color:#9a8a61; text-transform:uppercase; letter-spacing:1px; margin-top:25px;\"><p><a href=\"http:\/\/www.youtube.com\/watch?v=YTmNrA95p3I&amp;feature=youtu.be\">Abspielen<i class=\"vc_btn3-icon fa fa-arrow-right\" style=\"font-weight: normal !important; font-size: 8px !important; margin-left: 10px; top: -2px; position: relative;\"><\/i><\/a><\/p>\n<\/div>[\/vc_column][\/vc_row][vc_row css=&#8221;.vc_custom_1538486262014{padding-top: 50px !important;}&#8221;][vc_column width=&#8221;1\/2&#8243;]<div  class=\"special-text\" style=\" font-weight:300; text-align:left; text-transform:uppercase;30\"><p class=\"p1\"><span class=\"s1\"><b>Kabel 1 &#8211; Fernsehen<\/b><\/span><\/p>\n<\/div><div class=\"text-block \" ><div class=\"simple-text \"><p class=\"p1\"><span class=\"s1\" style=\"color: #ccc;\">10. Oktober 2013<\/span><\/p>\n<p>&nbsp;<\/p>\n<p class=\"p1\"><span class=\"s1\">Abenteuer Alltag &#8211; Kochen auf Bew\u00e4hrung.<\/span><\/p>\n<\/div><\/div><link href='http:\/\/fonts.googleapis.com\/css?family=Ubuntu:700' rel='stylesheet' type='text\/css'><div  class=\"special-text\" style=\" font-family:Ubuntu, san-serif; font-size:12px; font-weight:700; text-align:left; color:#9a8a61; text-transform:uppercase; letter-spacing:1px; margin-top:25px;\"><p><a href=\"https:\/\/www.kabeleins.de\/tv\/abenteuer-alltag\/ganze-folgen\/858-kochen-auf-bewaehrung-ganze-folge\">Abspielen<i class=\"vc_btn3-icon fa fa-arrow-right\" style=\"font-weight: normal !important; font-size: 8px !important; margin-left: 10px; top: -2px; position: relative;\"><\/i><\/a><\/p>\n<\/div>[\/vc_column][vc_column width=&#8221;1\/2&#8243;][vc_single_image image=&#8221;2649&#8243; img_size=&#8221;full&#8221; onclick=&#8221;custom_link&#8221; link=&#8221;https:\/\/www.kabeleins.de\/tv\/abenteuer-alltag\/ganze-folgen\/858-kochen-auf-bewaehrung-ganze-folge&#8221;][\/vc_column][\/vc_row][vc_row full_width=&#8221;stretch_row&#8221; css=&#8221;.vc_custom_1538485886126{padding-top: 0px !important;padding-bottom: 0px !important;}&#8221;][vc_column]<link href='http:\/\/fonts.googleapis.com\/css?family=Playfair+Display:300' rel='stylesheet' type='text\/css'><h4  class=\"special-text\" style=\" font-family:Playfair Display, san-serif; font-size:16px; font-weight:300; line-height:1.7em; color:#9a8a61; text-transform:uppercase; letter-spacing:6px;\"><p class=\"p1\"><span class=\"s1\">Unser Hotel wird empfohlen von<\/span><\/p>\n<\/h4>[vc_empty_space height=&#8221;100&#8243;][vc_row_inner][vc_column_inner width=&#8221;1\/4&#8243;][vc_single_image image=&#8221;2330&#8243; img_size=&#8221;full&#8221; alignment=&#8221;center&#8221; css=&#8221;.vc_custom_1538487195397{padding-top: 10px !important;padding-right: 40px !important;padding-left: 40px !important;}&#8221;][\/vc_column_inner][vc_column_inner width=&#8221;1\/4&#8243;][vc_single_image image=&#8221;2327&#8243; img_size=&#8221;full&#8221; alignment=&#8221;center&#8221; css=&#8221;.vc_custom_1538486693920{padding-right: 40px !important;padding-left: 40px !important;}&#8221;][\/vc_column_inner][vc_column_inner width=&#8221;1\/4&#8243;][vc_single_image image=&#8221;2325&#8243; img_size=&#8221;full&#8221; alignment=&#8221;center&#8221; css=&#8221;.vc_custom_1538486724918{padding-top: 10px !important;padding-right: 40px !important;padding-left: 40px !important;}&#8221;][\/vc_column_inner][vc_column_inner width=&#8221;1\/4&#8243;][vc_single_image image=&#8221;2328&#8243; img_size=&#8221;full&#8221; css=&#8221;.vc_custom_1538486521702{padding-right: 40px !important;padding-left: 40px !important;}&#8221;][\/vc_column_inner][\/vc_row_inner][vc_empty_space height=&#8221;100&#8243;][vc_row_inner][vc_column_inner width=&#8221;1\/4&#8243;][vc_single_image image=&#8221;2340&#8243; img_size=&#8221;full&#8221; alignment=&#8221;center&#8221; css=&#8221;.vc_custom_1538487292408{padding-top: 10px !important;padding-right: 40px !important;padding-left: 40px !important;}&#8221;][\/vc_column_inner][vc_column_inner width=&#8221;1\/4&#8243;][vc_single_image image=&#8221;2324&#8243; img_size=&#8221;full&#8221; alignment=&#8221;center&#8221; css=&#8221;.vc_custom_1538486780780{padding-right: 40px !important;padding-left: 40px !important;}&#8221;][\/vc_column_inner][vc_column_inner width=&#8221;1\/4&#8243;][vc_single_image image=&#8221;2326&#8243; img_size=&#8221;full&#8221; alignment=&#8221;center&#8221; css=&#8221;.vc_custom_1538486789373{padding-top: 10px !important;padding-right: 40px !important;padding-left: 40px !important;}&#8221;][\/vc_column_inner][vc_column_inner width=&#8221;1\/4&#8243;][vc_single_image image=&#8221;2331&#8243; img_size=&#8221;full&#8221; css=&#8221;.vc_custom_1538487390526{padding-right: 50px !important;padding-left: 50px !important;}&#8221;][\/vc_column_inner][\/vc_row_inner][vc_empty_space height=&#8221;100&#8243;][\/vc_column][\/vc_row][vc_row full_width=&#8221;stretch_row_content&#8221;][vc_column css=&#8221;.vc_custom_1538406466400{background-color: #988860 !important;}&#8221;]\n  <div  class=\"testimonial__wrapper\">\n    <div class=\"row\">\n            <div class=\"col-sm-4\">\n        <div class=\"testimonial mb-0 mt-0\">\n                    <div class=\"testimonial__name\">Kerstin &#038; J\u00fcrgen Suwald<\/div>\n          <div class=\"testimonial__text\"><p>Egal ob Geburtstag, Hochzeits- oder Valentinstag, American BBQ oder einfach mal so &#8211; der H\u00f6erhof ist seit 10 Jahren unsere kulinarische Homebase in Idstein.<\/p>\n<\/div>\n                      <img decoding=\"async\" class=\"testimonial__logo\" src=\"http:\/\/www.hoerhof.de\/start\/wp-content\/uploads\/2018\/10\/testimonial.png\" alt=\"\">\n                  <\/div>\n        <div class=\"empty-space  marg-xs-b5\"><\/div>\n      <\/div>\n          <\/div>\n  <\/div>\n\n  [\/vc_column][\/vc_row][vc_row full_width=&#8221;stretch_row&#8221; css=&#8221;.vc_custom_1538487606983{padding-top: 150px !important;padding-bottom: 150px !important;}&#8221;][vc_column]<link href='http:\/\/fonts.googleapis.com\/css?family=Playfair+Display:300' rel='stylesheet' type='text\/css'><h4  class=\"special-text\" style=\" font-family:Playfair Display, san-serif; font-size:16px; font-weight:300; line-height:1.7em; color:#9a8a61; text-transform:uppercase; letter-spacing:6px;\"><p class=\"p1\"><span class=\"s1\">Unser Restaurant wird empfohlen von<\/span><\/p>\n<\/h4>[vc_empty_space height=&#8221;100&#8243;][vc_row_inner][vc_column_inner width=&#8221;1\/5&#8243;][vc_single_image image=&#8221;2348&#8243; img_size=&#8221;full&#8221; alignment=&#8221;center&#8221; css=&#8221;.vc_custom_1538487535119{padding-top: 10px !important;padding-right: 40px !important;padding-left: 40px !important;}&#8221;][\/vc_column_inner][vc_column_inner width=&#8221;1\/5&#8243;][vc_single_image image=&#8221;2347&#8243; img_size=&#8221;full&#8221; alignment=&#8221;center&#8221; css=&#8221;.vc_custom_1538487651483{padding-top: 10px !important;}&#8221;][\/vc_column_inner][vc_column_inner width=&#8221;1\/5&#8243;][vc_single_image image=&#8221;2349&#8243; img_size=&#8221;full&#8221; alignment=&#8221;center&#8221; css=&#8221;.vc_custom_1538487550082{padding-top: 10px !important;padding-right: 40px !important;padding-left: 40px !important;}&#8221;][\/vc_column_inner][vc_column_inner width=&#8221;1\/5&#8243;][vc_single_image image=&#8221;2345&#8243; img_size=&#8221;full&#8221; css=&#8221;.vc_custom_1538487666717{padding-right: 15px !important;padding-left: 15px !important;}&#8221;][\/vc_column_inner][vc_column_inner width=&#8221;1\/5&#8243;][vc_single_image image=&#8221;2346&#8243; img_size=&#8221;full&#8221; alignment=&#8221;center&#8221; css=&#8221;.vc_custom_1538487678454{padding-top: px !important;padding-right: 50px !important;padding-left: 50px !important;}&#8221;][\/vc_column_inner][\/vc_row_inner][\/vc_column][\/vc_row]<\/p>\n<\/section>","protected":false},"excerpt":{"rendered":"<p>[vc_row full_width=&#8221;stretch_row_content_no_spaces&#8221;][vc_column width=&#8221;1\/6&#8243;][\/vc_column][vc_column width=&#8221;5\/6&#8243;][\/vc_column][\/vc_row][vc_row][vc_column css=&#8221;.vc_custom_1538474433609{margin-top: -10px !important;margin-bottom: 0px !important;}&#8221;][vc_row_inner][vc_column_inner width=&#8221;1\/2&#8243; css=&#8221;.vc_custom_1538474405016{padding-top: 0px !important;padding-right: 0px !important;padding-bottom: 0px !important;padding-left: 15px !important;}&#8221;][\/vc_column_inner][vc_column_inner width=&#8221;1\/2&#8243;][\/vc_column_inner][\/vc_row_inner][\/vc_column][\/vc_row][vc_row css=&#8221;.vc_custom_1538055256041{padding-top: 150px !important;padding-bottom: 150px !important;}&#8221;][vc_column css=&#8221;.vc_custom_1537887176394{padding-right: 100px !important;}&#8221;][vc_row_inner][vc_column_inner][vc_empty_space height=&#8221;40&#8243;][\/vc_column_inner][\/vc_row_inner][vc_row_inner el_class=&#8221;pdf&#8221;][vc_column_inner [&hellip;]<\/p>\n","protected":false},"author":2,"featured_media":0,"parent":0,"menu_order":0,"comment_status":"closed","ping_status":"closed","template":"","meta":{"_price":"","_stock":"","_tribe_ticket_header":"","_tribe_default_ticket_provider":"","_tribe_ticket_capacity":"0","_ticket_start_date":"","_ticket_end_date":"","_tribe_ticket_show_description":"","_tribe_ticket_show_not_going":false,"_tribe_ticket_use_global_stock":"","_tribe_ticket_global_stock_level":"","_global_stock_mode":"","_global_stock_cap":"","_tribe_rsvp_for_event":"","_tribe_ticket_going_count":"","_tribe_ticket_not_going_count":"","_tribe_tickets_list":"[]","_tribe_ticket_has_attendee_info_fields":false,"footnotes":"","_tec_slr_enabled":"","_tec_slr_layout":"","_links_to":"","_links_to_target":""},"class_list":["post-2247","page","type-page","status-publish","hentry"],"yoast_head":"<!-- This site is optimized with the Yoast SEO plugin v27.5 - https:\/\/yoast.com\/product\/yoast-seo-wordpress\/ -->\n<title>Presseberichte, Auszeichnungen und Fernsehberichte \u00fcber unser Haus<\/title>\n<meta name=\"description\" content=\"Hier erfahren Sie, was wir f\u00fcr Auszeichnungen erhalten haben, sowie was das deutsche Fernsehen \u00fcber uns zu berichten hat.\" \/>\n<meta name=\"robots\" content=\"index, follow, max-snippet:-1, max-image-preview:large, max-video-preview:-1\" \/>\n<link rel=\"canonical\" href=\"https:\/\/www.hoerhof.de\/start\/presse-und-film\/\" \/>\n<meta property=\"og:locale\" content=\"de_DE\" \/>\n<meta property=\"og:type\" content=\"article\" \/>\n<meta property=\"og:title\" content=\"Presseberichte, Auszeichnungen und Fernsehberichte \u00fcber unser Haus\" \/>\n<meta property=\"og:description\" content=\"Hier erfahren Sie, was wir f\u00fcr Auszeichnungen erhalten haben, sowie was das deutsche Fernsehen \u00fcber uns zu berichten hat.\" \/>\n<meta property=\"og:url\" content=\"https:\/\/www.hoerhof.de\/start\/presse-und-film\/\" \/>\n<meta property=\"og:site_name\" content=\"Restaurant ****Hotel H\u00d6ERHOF in Idstein bei Frankfurt\" \/>\n<meta property=\"article:modified_time\" content=\"2021-05-19T18:51:49+00:00\" \/>\n<meta name=\"twitter:label1\" content=\"Gesch\u00e4tzte Lesezeit\" \/>\n\t<meta name=\"twitter:data1\" content=\"3\u00a0Minuten\" \/>\n<script type=\"application\/ld+json\" class=\"yoast-schema-graph\">{\"@context\":\"https:\\\/\\\/schema.org\",\"@graph\":[{\"@type\":\"WebPage\",\"@id\":\"https:\\\/\\\/www.hoerhof.de\\\/start\\\/presse-und-film\\\/\",\"url\":\"https:\\\/\\\/www.hoerhof.de\\\/start\\\/presse-und-film\\\/\",\"name\":\"Presseberichte, Auszeichnungen und Fernsehberichte \u00fcber unser Haus\",\"isPartOf\":{\"@id\":\"https:\\\/\\\/www.hoerhof.de\\\/start\\\/#website\"},\"datePublished\":\"2018-10-02T09:38:37+00:00\",\"dateModified\":\"2021-05-19T18:51:49+00:00\",\"description\":\"Hier erfahren Sie, was wir f\u00fcr Auszeichnungen erhalten haben, sowie was das deutsche Fernsehen \u00fcber uns zu berichten hat.\",\"breadcrumb\":{\"@id\":\"https:\\\/\\\/www.hoerhof.de\\\/start\\\/presse-und-film\\\/#breadcrumb\"},\"inLanguage\":\"de\",\"potentialAction\":[{\"@type\":\"ReadAction\",\"target\":[\"https:\\\/\\\/www.hoerhof.de\\\/start\\\/presse-und-film\\\/\"]}]},{\"@type\":\"BreadcrumbList\",\"@id\":\"https:\\\/\\\/www.hoerhof.de\\\/start\\\/presse-und-film\\\/#breadcrumb\",\"itemListElement\":[{\"@type\":\"ListItem\",\"position\":1,\"name\":\"Startseite\",\"item\":\"https:\\\/\\\/www.hoerhof.de\\\/start\\\/\"},{\"@type\":\"ListItem\",\"position\":2,\"name\":\"Presse\"}]},{\"@type\":\"WebSite\",\"@id\":\"https:\\\/\\\/www.hoerhof.de\\\/start\\\/#website\",\"url\":\"https:\\\/\\\/www.hoerhof.de\\\/start\\\/\",\"name\":\"Restaurant ****Hotel H\u00d6ERHOF in Idstein bei Frankfurt\",\"description\":\"Speisen und Schlafen vom Feinsten\",\"potentialAction\":[{\"@type\":\"SearchAction\",\"target\":{\"@type\":\"EntryPoint\",\"urlTemplate\":\"https:\\\/\\\/www.hoerhof.de\\\/start\\\/?s={search_term_string}\"},\"query-input\":{\"@type\":\"PropertyValueSpecification\",\"valueRequired\":true,\"valueName\":\"search_term_string\"}}],\"inLanguage\":\"de\"}]}<\/script>\n<!-- \/ Yoast SEO plugin. -->","yoast_head_json":{"title":"Presseberichte, Auszeichnungen und Fernsehberichte \u00fcber unser Haus","description":"Hier erfahren Sie, was wir f\u00fcr Auszeichnungen erhalten haben, sowie was das deutsche Fernsehen \u00fcber uns zu berichten hat.","robots":{"index":"index","follow":"follow","max-snippet":"max-snippet:-1","max-image-preview":"max-image-preview:large","max-video-preview":"max-video-preview:-1"},"canonical":"https:\/\/www.hoerhof.de\/start\/presse-und-film\/","og_locale":"de_DE","og_type":"article","og_title":"Presseberichte, Auszeichnungen und Fernsehberichte \u00fcber unser Haus","og_description":"Hier erfahren Sie, was wir f\u00fcr Auszeichnungen erhalten haben, sowie was das deutsche Fernsehen \u00fcber uns zu berichten hat.","og_url":"https:\/\/www.hoerhof.de\/start\/presse-und-film\/","og_site_name":"Restaurant ****Hotel H\u00d6ERHOF in Idstein bei Frankfurt","article_modified_time":"2021-05-19T18:51:49+00:00","twitter_misc":{"Gesch\u00e4tzte Lesezeit":"3\u00a0Minuten"},"schema":{"@context":"https:\/\/schema.org","@graph":[{"@type":"WebPage","@id":"https:\/\/www.hoerhof.de\/start\/presse-und-film\/","url":"https:\/\/www.hoerhof.de\/start\/presse-und-film\/","name":"Presseberichte, Auszeichnungen und Fernsehberichte \u00fcber unser Haus","isPartOf":{"@id":"https:\/\/www.hoerhof.de\/start\/#website"},"datePublished":"2018-10-02T09:38:37+00:00","dateModified":"2021-05-19T18:51:49+00:00","description":"Hier erfahren Sie, was wir f\u00fcr Auszeichnungen erhalten haben, sowie was das deutsche Fernsehen \u00fcber uns zu berichten hat.","breadcrumb":{"@id":"https:\/\/www.hoerhof.de\/start\/presse-und-film\/#breadcrumb"},"inLanguage":"de","potentialAction":[{"@type":"ReadAction","target":["https:\/\/www.hoerhof.de\/start\/presse-und-film\/"]}]},{"@type":"BreadcrumbList","@id":"https:\/\/www.hoerhof.de\/start\/presse-und-film\/#breadcrumb","itemListElement":[{"@type":"ListItem","position":1,"name":"Startseite","item":"https:\/\/www.hoerhof.de\/start\/"},{"@type":"ListItem","position":2,"name":"Presse"}]},{"@type":"WebSite","@id":"https:\/\/www.hoerhof.de\/start\/#website","url":"https:\/\/www.hoerhof.de\/start\/","name":"Restaurant ****Hotel H\u00d6ERHOF in Idstein bei Frankfurt","description":"Speisen und Schlafen vom Feinsten","potentialAction":[{"@type":"SearchAction","target":{"@type":"EntryPoint","urlTemplate":"https:\/\/www.hoerhof.de\/start\/?s={search_term_string}"},"query-input":{"@type":"PropertyValueSpecification","valueRequired":true,"valueName":"search_term_string"}}],"inLanguage":"de"}]}},"ticketed":false,"_links":{"self":[{"href":"https:\/\/www.hoerhof.de\/start\/wp-json\/wp\/v2\/pages\/2247","targetHints":{"allow":["GET"]}}],"collection":[{"href":"https:\/\/www.hoerhof.de\/start\/wp-json\/wp\/v2\/pages"}],"about":[{"href":"https:\/\/www.hoerhof.de\/start\/wp-json\/wp\/v2\/types\/page"}],"author":[{"embeddable":true,"href":"https:\/\/www.hoerhof.de\/start\/wp-json\/wp\/v2\/users\/2"}],"replies":[{"embeddable":true,"href":"https:\/\/www.hoerhof.de\/start\/wp-json\/wp\/v2\/comments?post=2247"}],"version-history":[{"count":5,"href":"https:\/\/www.hoerhof.de\/start\/wp-json\/wp\/v2\/pages\/2247\/revisions"}],"predecessor-version":[{"id":6823,"href":"https:\/\/www.hoerhof.de\/start\/wp-json\/wp\/v2\/pages\/2247\/revisions\/6823"}],"wp:attachment":[{"href":"https:\/\/www.hoerhof.de\/start\/wp-json\/wp\/v2\/media?parent=2247"}],"curies":[{"name":"wp","href":"https:\/\/api.w.org\/{rel}","templated":true}]}}