{"id":2533,"date":"2018-10-08T14:34:55","date_gmt":"2018-10-08T12:34:55","guid":{"rendered":"http:\/\/www.hoerhof.de\/2019\/?page_id=2533"},"modified":"2021-05-19T20:45:07","modified_gmt":"2021-05-19T18:45:07","slug":"idstein-umgebung","status":"publish","type":"page","link":"https:\/\/www.hoerhof.de\/start\/hoeerhof-idstein-hotel\/idstein-umgebung\/","title":{"rendered":"Idstein &#038; Umgebung"},"content":{"rendered":"<section class=\"wpb-content-wrapper\"><p>[vc_row full_width=&#8221;stretch_row_content_no_spaces&#8221;][vc_column width=&#8221;1\/6&#8243;][\/vc_column][vc_column width=&#8221;5\/6&#8243;]<img decoding=\"async\"  id=\"start-img\" class=\"img-responsive  \" src=\"https:\/\/www.hoerhof.de\/start\/wp-content\/uploads\/2018\/10\/idstein-header-1.jpg\" alt=\"\">[\/vc_column][\/vc_row][vc_row][vc_column css=&#8221;.vc_custom_1539002523590{margin-top: -45px !important;margin-bottom: 0px !important;}&#8221;][vc_row_inner][vc_column_inner width=&#8221;1\/2&#8243; css=&#8221;.vc_custom_1538474405016{padding-top: 0px !important;padding-right: 0px !important;padding-bottom: 0px !important;padding-left: 15px !important;}&#8221;]<link href='http:\/\/fonts.googleapis.com\/css?family=Ubuntu:400' rel='stylesheet' type='text\/css'><div  class=\"special-text\" style=\" font-family:Ubuntu, san-serif; font-size:80px; font-weight:400; line-height:1; text-align:left; color:#162c41; margin-top:100px;\"><p class=\"p1\"><span class=\"s1\">IDSTEIN &amp;<br \/>\n<\/span>UMGEBUNG<\/p>\n<\/div>[\/vc_column_inner][vc_column_inner width=&#8221;1\/2&#8243;][\/vc_column_inner][\/vc_row_inner][\/vc_column][\/vc_row][vc_row css=&#8221;.vc_custom_1542468471496{padding-top: 150px !important;padding-bottom: 100px !important;}&#8221;][vc_column width=&#8221;1\/2&#8243; css=&#8221;.vc_custom_1537887176394{padding-right: 100px !important;}&#8221;]<link href='http:\/\/fonts.googleapis.com\/css?family=Playfair+Display:300' rel='stylesheet' type='text\/css'><h4  class=\"special-text\" style=\" font-family:Playfair Display, san-serif; font-size:16px; font-weight:300; line-height:1.7em; color:#9a8a61; text-transform:uppercase; letter-spacing:6px;\"><p>IDSTEIN &amp; UMGEBUNG<\/p>\n<\/h4><div  class=\"special-text\" style=\" font-size:24px; font-weight:700; line-height:34px; text-align:left; color:#11273d; text-transform:uppercase; letter-spacing:2px; margin-top:15px;\"><p>Gesunde St\u00e4dte-Netzwerk<\/p>\n<\/div><link href='http:\/\/fonts.googleapis.com\/css?family=Ubuntu:400' rel='stylesheet' type='text\/css'><h4  class=\"special-text\" style=\" font-family:Ubuntu, san-serif; font-size:14px; font-weight:400; line-height:2.2em; text-align:left; color:#11263d; margin-top:30px;\"><p class=\"p1\"><span class=\"s1\">Die Stadt Idstein ist in 2015 als das 74. Mitglied im &#8220;Gesunde St\u00e4dtenetzwerk&#8221; aufgenommen worden. Das deutsche Netzwerk geht zur\u00fcck auf eine Initiative der Weltgesundheitsorganisation WHO zur Gesundheitsf\u00f6rderung und Prim\u00e4rpr\u00e4vention auf kommunaler Ebene\u2026 <\/span><\/p>\n<\/h4><link href='http:\/\/fonts.googleapis.com\/css?family=Ubuntu:700' rel='stylesheet' type='text\/css'><div  class=\"special-text\" style=\" font-family:Ubuntu, san-serif; font-size:12px; font-weight:700; text-align:left; color:#9a8a61; text-transform:uppercase; letter-spacing:1px; margin-top:25px;\"><p><a href=\"https:\/\/www.idstein.de\/Startseite\/Tourismus\/K147.htm\" target=\"_blank\" rel=\"noopener\">Mehr erfahren<i class=\"vc_btn3-icon fa fa-arrow-right\" style=\"font-weight: normal !important; font-size: 8px !important; margin-left: 10px; top: -2px; position: relative;\"><\/i><\/a><\/p>\n<\/div>[\/vc_column][vc_column width=&#8221;1\/2&#8243;][vc_single_image image=&#8221;2554&#8243; img_size=&#8221;large&#8221; alignment=&#8221;center&#8221; css=&#8221;.vc_custom_1539004050467{padding-top: 50px !important;padding-right: 150px !important;padding-left: 150px !important;}&#8221;][\/vc_column][\/vc_row][vc_row css=&#8221;.vc_custom_1542468452265{padding-bottom: 100px !important;}&#8221;][vc_column css=&#8221;.vc_custom_1539008398900{padding-bottom: 40px !important;}&#8221;]<link href='http:\/\/fonts.googleapis.com\/css?family=Playfair+Display:300' rel='stylesheet' type='text\/css'><h4  class=\"special-text\" style=\" font-family:Playfair Display, san-serif; font-size:16px; font-weight:300; line-height:1.7em; color:#9a8a61; text-transform:uppercase; letter-spacing:6px;\"><p>#Idsteinistsch\u00f6n<\/p>\n<\/h4>[vc_empty_space height=&#8221;40&#8243;]<div class=\"widget null-instagram-feed\">Instagram hat keinen Statuscode 200 zur\u00fcckgegeben.<\/div>[\/vc_column][\/vc_row][vc_row full_width=&#8221;stretch_row&#8221; css=&#8221;.vc_custom_1539004311927{padding-bottom: 100px !important;}&#8221;][vc_column width=&#8221;7\/12&#8243;]<img decoding=\"async\"  class=\"img-responsive  \" src=\"https:\/\/www.hoerhof.de\/start\/wp-content\/uploads\/2018\/10\/idstein-wandern.jpg\" alt=\"\">[\/vc_column][vc_column width=&#8221;5\/12&#8243;][\/vc_column][\/vc_row][vc_row][vc_column css=&#8221;.vc_custom_1538041750990{margin-top: -200px !important;}&#8221;][vc_row_inner][vc_column_inner width=&#8221;2\/4&#8243; css=&#8221;.vc_custom_1539006707905{padding-top: 0px !important;padding-right: 30px !important;padding-bottom: 0px !important;padding-left: 30px !important;background-color: #f5f6f5 !important;}&#8221;][vc_btn title=&#8221;Zur Seite&#8221; shape=&#8221;square&#8221; color=&#8221;white&#8221; align=&#8221;right&#8221; i_align=&#8221;right&#8221; i_icon_fontawesome=&#8221;fa fa-arrow-right&#8221; add_icon=&#8221;true&#8221; el_class=&#8221;cta-hoer-button&#8221; css=&#8221;.vc_custom_1539008352485{margin-top: -20px !important;}&#8221; link=&#8221;url:https%3A%2F%2Fwww.ich-geh-wandern.de%2Fgps-wanderwege%2Fidstein|||&#8221;]<link href='http:\/\/fonts.googleapis.com\/css?family=Playfair+Display:400' rel='stylesheet' type='text\/css'><h2  class=\"special-text\" style=\" font-family:Playfair Display, san-serif; font-size:14px; font-weight:400; text-align:left; color:#463c34; text-transform:uppercase; letter-spacing:2px;\"><p>WANDERN<\/p>\n<\/h2><div  class=\"special-text\" style=\" font-size:24px; font-weight:700; line-height:54px; text-align:left; color:#11273d; text-transform:uppercase; letter-spacing:2px;\"><p>Wanderwege rund um den H\u00d6ERHOF<\/p>\n<\/div><link href='http:\/\/fonts.googleapis.com\/css?family=Ubuntu:400' rel='stylesheet' type='text\/css'><div  class=\"special-text\" style=\" font-family:Ubuntu, san-serif; font-size:14px; font-weight:400; line-height:2.2em; text-align:left; color:#11263d; margin-top:-5px;\"><p class=\"p1\"><span class=\"s1\">Eine Auswahl an GPS Wanderwegen finden Sie auf <\/span><span class=\"s2\"><a href=\"https:\/\/www.ich-geh-wandern.de\/idsteiner-senke\" target=\"_blank\" rel=\"noopener\">ich-geh-wandern.de<\/a>.<\/span><\/p>\n<\/div>[vc_empty_space height=&#8221;40px&#8221;][\/vc_column_inner][vc_column_inner width=&#8221;2\/4&#8243;][\/vc_column_inner][\/vc_row_inner][\/vc_column][\/vc_row][vc_row full_width=&#8221;stretch_row&#8221; css=&#8221;.vc_custom_1539008739939{margin-top: 100px !important;padding-bottom: 100px !important;}&#8221; el_id=&#8221;behind&#8221;][vc_column width=&#8221;4\/12&#8243;][\/vc_column][vc_column width=&#8221;7\/12&#8243;]<img decoding=\"async\"  class=\"img-responsive  \" src=\"https:\/\/www.hoerhof.de\/start\/wp-content\/uploads\/2018\/10\/idstein-taunus.jpg\" alt=\"\">[\/vc_column][vc_column width=&#8221;1\/12&#8243;][\/vc_column][\/vc_row][vc_row][vc_column css=&#8221;.vc_custom_1539009160508{margin-top: -450px !important;}&#8221;][vc_row_inner][vc_column_inner width=&#8221;1\/2&#8243; css=&#8221;.vc_custom_1539007740281{padding-top: 0px !important;padding-right: 30px !important;padding-bottom: 0px !important;padding-left: 30px !important;}&#8221;][\/vc_column_inner][vc_column_inner width=&#8221;1\/2&#8243; css=&#8221;.vc_custom_1539007804469{padding-right: 30px !important;padding-left: 30px !important;background-color: #f5f6f5 !important;}&#8221;][vc_btn title=&#8221;Zur Seite&#8221; shape=&#8221;square&#8221; color=&#8221;white&#8221; align=&#8221;right&#8221; i_align=&#8221;right&#8221; i_icon_fontawesome=&#8221;fa fa-arrow-right&#8221; add_icon=&#8221;true&#8221; el_class=&#8221;cta-hoer-button&#8221; css=&#8221;.vc_custom_1539008338414{margin-top: -20px !important;}&#8221; link=&#8221;url:https%3A%2F%2Ftaunus.info%2F|||&#8221;]<link href='http:\/\/fonts.googleapis.com\/css?family=Playfair+Display:400' rel='stylesheet' type='text\/css'><h2  class=\"special-text\" style=\" font-family:Playfair Display, san-serif; font-size:14px; font-weight:400; text-align:left; color:#463c34; text-transform:uppercase; letter-spacing:2px;\"><p>SEHENSW\u00dcRDIGKEITEN<\/p>\n<\/h2><div  class=\"special-text\" style=\" font-size:24px; font-weight:700; line-height:54px; text-align:left; color:#11273d; text-transform:uppercase; letter-spacing:2px;\"><p class=\"p1\">Rund um den Taunus<\/p>\n<\/div><link href='http:\/\/fonts.googleapis.com\/css?family=Ubuntu:400' rel='stylesheet' type='text\/css'><div  class=\"special-text\" style=\" font-family:Ubuntu, san-serif; font-size:14px; font-weight:400; line-height:2.2em; text-align:left; color:#11263d; margin-top:-5px;\"><p class=\"p1\"><span class=\"s1\">Erfahren Sie auf <\/span><a href=\"http:\/\/www.taunus.info\" target=\"_blank\" rel=\"noopener\"><span class=\"s2\">taunus.info<\/span><\/a><span class=\"s1\"> alles was man im Taunus und der Umgebung unternehmen kann. Von Wasserspa\u00df \u00fcber Essen &amp; Trinken bis hin zur hr4-Radtour.<\/span><\/p>\n<\/div>[vc_empty_space height=&#8221;40px&#8221;][\/vc_column_inner][\/vc_row_inner][\/vc_column][\/vc_row][vc_row full_width=&#8221;stretch_row&#8221; css=&#8221;.vc_custom_1539004311927{padding-bottom: 100px !important;}&#8221;][vc_column]<img decoding=\"async\"  class=\"img-responsive  \" src=\"https:\/\/www.hoerhof.de\/start\/wp-content\/uploads\/2018\/10\/idestein-welness.png\" alt=\"\">[\/vc_column][\/vc_row][vc_row css=&#8221;.vc_custom_1539009262853{padding-bottom: 100px !important;}&#8221;][vc_column css=&#8221;.vc_custom_1538041750990{margin-top: -200px !important;}&#8221;][vc_row_inner][vc_column_inner width=&#8221;7\/12&#8243; css=&#8221;.vc_custom_1539006707905{padding-top: 0px !important;padding-right: 30px !important;padding-bottom: 0px !important;padding-left: 30px !important;background-color: #f5f6f5 !important;}&#8221;][vc_btn title=&#8221;Zur Seite&#8221; shape=&#8221;square&#8221; color=&#8221;white&#8221; align=&#8221;right&#8221; i_align=&#8221;right&#8221; i_icon_fontawesome=&#8221;fa fa-arrow-right&#8221; add_icon=&#8221;true&#8221; el_class=&#8221;cta-hoer-button&#8221; css=&#8221;.vc_custom_1539008686867{margin-top: -20px !important;}&#8221; link=&#8221;url:http%3A%2F%2Fwww.tournesol-idstein.de%2Findex.php|||&#8221;]<link href='http:\/\/fonts.googleapis.com\/css?family=Playfair+Display:400' rel='stylesheet' type='text\/css'><h2  class=\"special-text\" style=\" font-family:Playfair Display, san-serif; font-size:14px; font-weight:400; text-align:left; color:#463c34; text-transform:uppercase; letter-spacing:2px;\"><p class=\"p1\"><span class=\"s1\">Wasserspa\u00df &amp; Wellness<\/span><\/p>\n<\/h2><div  class=\"special-text\" style=\" font-size:24px; font-weight:700; line-height:54px; text-align:left; color:#11273d; text-transform:uppercase; letter-spacing:2px;\"><p>Wellnessbad Tournesol<\/p>\n<\/div><link href='http:\/\/fonts.googleapis.com\/css?family=Ubuntu:400' rel='stylesheet' type='text\/css'><div  class=\"special-text\" style=\" font-family:Ubuntu, san-serif; font-size:14px; font-weight:400; line-height:2.2em; text-align:left; color:#11263d; margin-top:-5px;\"><p>Das Tournesol weist eine Kuppel auf, welche bei gutem Wetter offen ist, und umfasst neben Schwimmbecken ein Fitnessstudio, einen Saunabereich mit vier Saunen, zwei Dampfb\u00e4dern, ein Laconium, einen Saunagarten, einen Whirlpool, einen Naturbadeteich, mehreren Ruhebereiche und eine Bar im Wasser. <\/p>\n<\/div>[vc_empty_space height=&#8221;40px&#8221;][\/vc_column_inner][vc_column_inner width=&#8221;5\/12&#8243;][\/vc_column_inner][\/vc_row_inner][\/vc_column][\/vc_row][vc_row full_width=&#8221;stretch_row&#8221; css=&#8221;.vc_custom_1539008739939{margin-top: 100px !important;padding-bottom: 100px !important;}&#8221;][vc_column]<img decoding=\"async\"  class=\"img-responsive  \" src=\"https:\/\/www.hoerhof.de\/start\/wp-content\/uploads\/2018\/10\/idstein-park.png\" alt=\"\">[\/vc_column][\/vc_row][vc_row][vc_column css=&#8221;.vc_custom_1538041750990{margin-top: -200px !important;}&#8221;][vc_row_inner][vc_column_inner width=&#8221;2\/6&#8243; css=&#8221;.vc_custom_1539009040985{padding-top: 0px !important;padding-right: 30px !important;padding-bottom: 0px !important;padding-left: 30px !important;}&#8221;][\/vc_column_inner][vc_column_inner width=&#8221;2\/6&#8243; css=&#8221;.vc_custom_1539009103453{padding-right: 30px !important;padding-left: 30px !important;background-color: #f5f6f5 !important;}&#8221;][vc_btn title=&#8221;Zur Seite&#8221; shape=&#8221;square&#8221; color=&#8221;white&#8221; align=&#8221;right&#8221; i_align=&#8221;right&#8221; i_icon_fontawesome=&#8221;fa fa-arrow-right&#8221; add_icon=&#8221;true&#8221; el_class=&#8221;cta-hoer-button&#8221; css=&#8221;.vc_custom_1539009211965{margin-top: -20px !important;}&#8221; link=&#8221;url:https%3A%2F%2Ftaunuswunderland.de%2Fstartseite.html|||&#8221;]<link href='http:\/\/fonts.googleapis.com\/css?family=Playfair+Display:400' rel='stylesheet' type='text\/css'><h2  class=\"special-text\" style=\" font-family:Playfair Display, san-serif; font-size:14px; font-weight:400; text-align:left; color:#463c34; text-transform:uppercase; letter-spacing:2px;\"><p class=\"p1\"><span class=\"s1\">Vergn\u00fcgungspark<\/span><\/p>\n<\/h2><div  class=\"special-text\" style=\" font-size:24px; font-weight:700; line-height:54px; text-align:left; color:#11273d; text-transform:uppercase; letter-spacing:2px;\"><p>Taunus\u2013Wunderland<\/p>\n<\/div><link href='http:\/\/fonts.googleapis.com\/css?family=Ubuntu:400' rel='stylesheet' type='text\/css'><div  class=\"special-text\" style=\" font-family:Ubuntu, san-serif; font-size:14px; font-weight:400; line-height:2.2em; text-align:left; color:#11263d; margin-top:-5px;\"><p>Dem Familienpark mitten in der Natur!<br \/>\nWo Kinder mit der Sonne um die Wette strahlen.<\/p>\n<\/div>[vc_empty_space height=&#8221;40px&#8221;][\/vc_column_inner][vc_column_inner width=&#8221;2\/6&#8243;][\/vc_column_inner][\/vc_row_inner][\/vc_column][\/vc_row][vc_row css=&#8221;.vc_custom_1538058623081{padding-top: 150px !important;padding-bottom: 150px !important;}&#8221;][vc_column][vc_masonry_grid post_type=&#8221;post&#8221; max_items=&#8221;3&#8243; item=&#8221;2626&#8243; grid_id=&#8221;vc_gid:1621449263210-3b460de7-5696-5&#8243; taxonomies=&#8221;26&#8243;][\/vc_column][\/vc_row][vc_row css=&#8221;.vc_custom_1539695209861{padding-bottom: 150px !important;}&#8221;][vc_column]<link href='http:\/\/fonts.googleapis.com\/css?family=Ubuntu:400' rel='stylesheet' type='text\/css'><div  class=\"special-text\" style=\" font-family:Ubuntu, san-serif; font-size:14px; font-weight:400; line-height:2.2em; text-align:left; color:#11263d; margin-top:-5px;\"><p><a href=\"https:\/\/www.hoerhof.de\/2019\/der-hoeerhof\/\/\"><i class=\"vc_btn3-icon fa fa-arrow-left\" style=\"font-weight: normal !important; font-size: 8px !important; margin-right: 10px; top: -2px; position: relative;\"><\/i>Zur\u00fcck<\/a><\/p>\n<\/div>[\/vc_column][\/vc_row]<\/p>\n<\/section>","protected":false},"excerpt":{"rendered":"<p>[vc_row full_width=&#8221;stretch_row_content_no_spaces&#8221;][vc_column width=&#8221;1\/6&#8243;][\/vc_column][vc_column width=&#8221;5\/6&#8243;][\/vc_column][\/vc_row][vc_row][vc_column css=&#8221;.vc_custom_1539002523590{margin-top: -45px !important;margin-bottom: 0px !important;}&#8221;][vc_row_inner][vc_column_inner width=&#8221;1\/2&#8243; css=&#8221;.vc_custom_1538474405016{padding-top: 0px !important;padding-right: 0px !important;padding-bottom: 0px !important;padding-left: 15px !important;}&#8221;][\/vc_column_inner][vc_column_inner width=&#8221;1\/2&#8243;][\/vc_column_inner][\/vc_row_inner][\/vc_column][\/vc_row][vc_row css=&#8221;.vc_custom_1542468471496{padding-top: 150px !important;padding-bottom: 100px !important;}&#8221;][vc_column width=&#8221;1\/2&#8243; css=&#8221;.vc_custom_1537887176394{padding-right: 100px !important;}&#8221;][\/vc_column][vc_column width=&#8221;1\/2&#8243;][vc_single_image [&hellip;]<\/p>\n","protected":false},"author":2,"featured_media":0,"parent":2071,"menu_order":0,"comment_status":"closed","ping_status":"closed","template":"","meta":{"_price":"","_stock":"","_tribe_ticket_header":"","_tribe_default_ticket_provider":"","_tribe_ticket_capacity":"0","_ticket_start_date":"","_ticket_end_date":"","_tribe_ticket_show_description":"","_tribe_ticket_show_not_going":false,"_tribe_ticket_use_global_stock":"","_tribe_ticket_global_stock_level":"","_global_stock_mode":"","_global_stock_cap":"","_tribe_rsvp_for_event":"","_tribe_ticket_going_count":"","_tribe_ticket_not_going_count":"","_tribe_tickets_list":"[]","_tribe_ticket_has_attendee_info_fields":false,"footnotes":"","_tec_slr_enabled":"","_tec_slr_layout":"","_links_to":"","_links_to_target":""},"class_list":["post-2533","page","type-page","status-publish","hentry"],"yoast_head":"<!-- This site is optimized with the Yoast SEO plugin v27.4 - https:\/\/yoast.com\/product\/yoast-seo-wordpress\/ -->\n<title>Das Fachwerkst\u00e4dtchen Idstein und die Region stellen sich vor -<\/title>\n<meta name=\"description\" content=\"Idstein, die Stadt des H\u00d6ERHOF, ist einen Ausflug wert. Schatz der einstigen Residenzstadt der F\u00fcrsten von Nassau-Idstein sind die vielen gut erhaltenen ...\" \/>\n<meta name=\"robots\" content=\"index, follow, max-snippet:-1, max-image-preview:large, max-video-preview:-1\" \/>\n<link rel=\"canonical\" href=\"https:\/\/www.hoerhof.de\/start\/hoeerhof-idstein-hotel\/idstein-umgebung\/\" \/>\n<meta property=\"og:locale\" content=\"de_DE\" \/>\n<meta property=\"og:type\" content=\"article\" \/>\n<meta property=\"og:title\" content=\"Das Fachwerkst\u00e4dtchen Idstein und die Region stellen sich vor -\" \/>\n<meta property=\"og:description\" content=\"Idstein, die Stadt des H\u00d6ERHOF, ist einen Ausflug wert. Schatz der einstigen Residenzstadt der F\u00fcrsten von Nassau-Idstein sind die vielen gut erhaltenen ...\" \/>\n<meta property=\"og:url\" content=\"https:\/\/www.hoerhof.de\/start\/hoeerhof-idstein-hotel\/idstein-umgebung\/\" \/>\n<meta property=\"og:site_name\" content=\"Restaurant ****Hotel H\u00d6ERHOF in Idstein bei Frankfurt\" \/>\n<meta property=\"article:modified_time\" content=\"2021-05-19T18:45:07+00:00\" \/>\n<meta name=\"twitter:label1\" content=\"Gesch\u00e4tzte Lesezeit\" \/>\n\t<meta name=\"twitter:data1\" content=\"3\u00a0Minuten\" \/>\n<script type=\"application\/ld+json\" class=\"yoast-schema-graph\">{\"@context\":\"https:\\\/\\\/schema.org\",\"@graph\":[{\"@type\":\"WebPage\",\"@id\":\"https:\\\/\\\/www.hoerhof.de\\\/start\\\/hoeerhof-idstein-hotel\\\/idstein-umgebung\\\/\",\"url\":\"https:\\\/\\\/www.hoerhof.de\\\/start\\\/hoeerhof-idstein-hotel\\\/idstein-umgebung\\\/\",\"name\":\"Das Fachwerkst\u00e4dtchen Idstein und die Region stellen sich vor -\",\"isPartOf\":{\"@id\":\"https:\\\/\\\/www.hoerhof.de\\\/start\\\/#website\"},\"datePublished\":\"2018-10-08T12:34:55+00:00\",\"dateModified\":\"2021-05-19T18:45:07+00:00\",\"description\":\"Idstein, die Stadt des H\u00d6ERHOF, ist einen Ausflug wert. Schatz der einstigen Residenzstadt der F\u00fcrsten von Nassau-Idstein sind die vielen gut erhaltenen ...\",\"breadcrumb\":{\"@id\":\"https:\\\/\\\/www.hoerhof.de\\\/start\\\/hoeerhof-idstein-hotel\\\/idstein-umgebung\\\/#breadcrumb\"},\"inLanguage\":\"de\",\"potentialAction\":[{\"@type\":\"ReadAction\",\"target\":[\"https:\\\/\\\/www.hoerhof.de\\\/start\\\/hoeerhof-idstein-hotel\\\/idstein-umgebung\\\/\"]}]},{\"@type\":\"BreadcrumbList\",\"@id\":\"https:\\\/\\\/www.hoerhof.de\\\/start\\\/hoeerhof-idstein-hotel\\\/idstein-umgebung\\\/#breadcrumb\",\"itemListElement\":[{\"@type\":\"ListItem\",\"position\":1,\"name\":\"Startseite\",\"item\":\"https:\\\/\\\/www.hoerhof.de\\\/start\\\/\"},{\"@type\":\"ListItem\",\"position\":2,\"name\":\"Der H\u00f6erhof\",\"item\":\"https:\\\/\\\/www.hoerhof.de\\\/start\\\/hoeerhof-idstein-hotel\\\/\"},{\"@type\":\"ListItem\",\"position\":3,\"name\":\"Idstein &#038; Umgebung\"}]},{\"@type\":\"WebSite\",\"@id\":\"https:\\\/\\\/www.hoerhof.de\\\/start\\\/#website\",\"url\":\"https:\\\/\\\/www.hoerhof.de\\\/start\\\/\",\"name\":\"Restaurant ****Hotel H\u00d6ERHOF in Idstein bei Frankfurt\",\"description\":\"Speisen und Schlafen vom Feinsten\",\"potentialAction\":[{\"@type\":\"SearchAction\",\"target\":{\"@type\":\"EntryPoint\",\"urlTemplate\":\"https:\\\/\\\/www.hoerhof.de\\\/start\\\/?s={search_term_string}\"},\"query-input\":{\"@type\":\"PropertyValueSpecification\",\"valueRequired\":true,\"valueName\":\"search_term_string\"}}],\"inLanguage\":\"de\"}]}<\/script>\n<!-- \/ Yoast SEO plugin. -->","yoast_head_json":{"title":"Das Fachwerkst\u00e4dtchen Idstein und die Region stellen sich vor -","description":"Idstein, die Stadt des H\u00d6ERHOF, ist einen Ausflug wert. Schatz der einstigen Residenzstadt der F\u00fcrsten von Nassau-Idstein sind die vielen gut erhaltenen ...","robots":{"index":"index","follow":"follow","max-snippet":"max-snippet:-1","max-image-preview":"max-image-preview:large","max-video-preview":"max-video-preview:-1"},"canonical":"https:\/\/www.hoerhof.de\/start\/hoeerhof-idstein-hotel\/idstein-umgebung\/","og_locale":"de_DE","og_type":"article","og_title":"Das Fachwerkst\u00e4dtchen Idstein und die Region stellen sich vor -","og_description":"Idstein, die Stadt des H\u00d6ERHOF, ist einen Ausflug wert. Schatz der einstigen Residenzstadt der F\u00fcrsten von Nassau-Idstein sind die vielen gut erhaltenen ...","og_url":"https:\/\/www.hoerhof.de\/start\/hoeerhof-idstein-hotel\/idstein-umgebung\/","og_site_name":"Restaurant ****Hotel H\u00d6ERHOF in Idstein bei Frankfurt","article_modified_time":"2021-05-19T18:45:07+00:00","twitter_misc":{"Gesch\u00e4tzte Lesezeit":"3\u00a0Minuten"},"schema":{"@context":"https:\/\/schema.org","@graph":[{"@type":"WebPage","@id":"https:\/\/www.hoerhof.de\/start\/hoeerhof-idstein-hotel\/idstein-umgebung\/","url":"https:\/\/www.hoerhof.de\/start\/hoeerhof-idstein-hotel\/idstein-umgebung\/","name":"Das Fachwerkst\u00e4dtchen Idstein und die Region stellen sich vor -","isPartOf":{"@id":"https:\/\/www.hoerhof.de\/start\/#website"},"datePublished":"2018-10-08T12:34:55+00:00","dateModified":"2021-05-19T18:45:07+00:00","description":"Idstein, die Stadt des H\u00d6ERHOF, ist einen Ausflug wert. Schatz der einstigen Residenzstadt der F\u00fcrsten von Nassau-Idstein sind die vielen gut erhaltenen ...","breadcrumb":{"@id":"https:\/\/www.hoerhof.de\/start\/hoeerhof-idstein-hotel\/idstein-umgebung\/#breadcrumb"},"inLanguage":"de","potentialAction":[{"@type":"ReadAction","target":["https:\/\/www.hoerhof.de\/start\/hoeerhof-idstein-hotel\/idstein-umgebung\/"]}]},{"@type":"BreadcrumbList","@id":"https:\/\/www.hoerhof.de\/start\/hoeerhof-idstein-hotel\/idstein-umgebung\/#breadcrumb","itemListElement":[{"@type":"ListItem","position":1,"name":"Startseite","item":"https:\/\/www.hoerhof.de\/start\/"},{"@type":"ListItem","position":2,"name":"Der H\u00f6erhof","item":"https:\/\/www.hoerhof.de\/start\/hoeerhof-idstein-hotel\/"},{"@type":"ListItem","position":3,"name":"Idstein &#038; Umgebung"}]},{"@type":"WebSite","@id":"https:\/\/www.hoerhof.de\/start\/#website","url":"https:\/\/www.hoerhof.de\/start\/","name":"Restaurant ****Hotel H\u00d6ERHOF in Idstein bei Frankfurt","description":"Speisen und Schlafen vom Feinsten","potentialAction":[{"@type":"SearchAction","target":{"@type":"EntryPoint","urlTemplate":"https:\/\/www.hoerhof.de\/start\/?s={search_term_string}"},"query-input":{"@type":"PropertyValueSpecification","valueRequired":true,"valueName":"search_term_string"}}],"inLanguage":"de"}]}},"ticketed":false,"_links":{"self":[{"href":"https:\/\/www.hoerhof.de\/start\/wp-json\/wp\/v2\/pages\/2533","targetHints":{"allow":["GET"]}}],"collection":[{"href":"https:\/\/www.hoerhof.de\/start\/wp-json\/wp\/v2\/pages"}],"about":[{"href":"https:\/\/www.hoerhof.de\/start\/wp-json\/wp\/v2\/types\/page"}],"author":[{"embeddable":true,"href":"https:\/\/www.hoerhof.de\/start\/wp-json\/wp\/v2\/users\/2"}],"replies":[{"embeddable":true,"href":"https:\/\/www.hoerhof.de\/start\/wp-json\/wp\/v2\/comments?post=2533"}],"version-history":[{"count":5,"href":"https:\/\/www.hoerhof.de\/start\/wp-json\/wp\/v2\/pages\/2533\/revisions"}],"predecessor-version":[{"id":6821,"href":"https:\/\/www.hoerhof.de\/start\/wp-json\/wp\/v2\/pages\/2533\/revisions\/6821"}],"up":[{"embeddable":true,"href":"https:\/\/www.hoerhof.de\/start\/wp-json\/wp\/v2\/pages\/2071"}],"wp:attachment":[{"href":"https:\/\/www.hoerhof.de\/start\/wp-json\/wp\/v2\/media?parent=2533"}],"curies":[{"name":"wp","href":"https:\/\/api.w.org\/{rel}","templated":true}]}}