{"id":3325,"date":"2020-01-01T00:20:39","date_gmt":"2019-12-31T23:20:39","guid":{"rendered":"http:\/\/www.hoerhof.de\/2019\/?post_type=tribe_events&#038;p=3325"},"modified":"2023-10-10T21:04:22","modified_gmt":"2023-10-10T19:04:22","slug":"geniessertage","status":"publish","type":"tribe_events","link":"https:\/\/www.hoerhof.de\/start\/veranstaltung\/geniessertage\/","title":{"rendered":"Der Genie\u00dfer"},"content":{"rendered":"<section class=\"wpb-content-wrapper\"><p>[vc_row][vc_column]<div class=\"text-block \" ><div class=\"simple-text \"><p>3 Tage und\u00a0 2 N\u00e4chte im Taunus verbringen &#8211; <strong>Buchbar ganzj\u00e4hrig<\/strong><\/p>\n<p><strong>Kulinarisches Verw\u00f6hnaroma f\u00fcr zwei Tage kombiniert mit herzlicher Gastfreundschaft,<\/strong><\/p>\n<p><strong>umgeben von historischer Architektur mit modernem Zeitgeist\u00a0 und eingebettet in die<\/strong><\/p>\n<p><strong>erlebnisreiche Taunusregion. <\/strong><\/p>\n<p><strong>\u00a0\u00a0\u00a0\u00a0\u00a0\u00a0\u00a0\u00a0\u00a0\u00a0\u00a0\u00a0\u00a0\u00a0\u00a0\u00a0\u00a0\u00a0\u00a0\u00a0\u00a0\u00a0\u00a0\u00a0\u00a0\u00a0\u00a0 <\/strong><\/p>\n<ul>\n<li>Am Anreisetag servieren wir ein Glas eisgek\u00fchlter Rheingauer Sekt als Aperitif oder einen alkoholfreien Apfelsekt vor dem<br \/>\nAbendessen, sowie ein Men\u00fc in 3 G\u00e4ngen aus unserer Schlemmerkarte<\/li>\n<li>Am zweiten Tag haben Sie den Vormittag und Nachmittag zur freien Verf\u00fcgung \u2013 Viele Ideen, je nach Wetterlage, erhalten Sie an der Rezeption f\u00fcr Ihre Entdeckungstour unserer Region.<\/li>\n<li>Abends servieren wir Ihnen ein 5 \u2013 Gang Men\u00fc aus unseren Genusswelten inkl. Amuse bouche, Sorbet und Petit four sowie einer korrespondierenden Weinreise zu den einzelnen G\u00e4ngen (Wir schenken insgesamt 0,6l Wein pro Person aus)<\/li>\n<li>Zwei \u00dcbernachtungen in unserem 400 Jahre alten Fachwerkschl\u00f6sschen<\/li>\n<li>Am ersten und zweiten Morgen\u00a0 &#8211; Das H\u00d6ERHOF \u00e1 la carte Fr\u00fchst\u00fcck am Tisch serviert.<\/li>\n<\/ul>\n<p><strong>Kategorie:\u00a0\u00a0\u00a0\u00a0\u00a0\u00a0\u00a0 Komfortzimmer\u00a0\u00a0\u00a0\u00a0\u00a0\u00a0\u00a0\u00a0\u00a0\u00a0\u00a0\u00a0\u00a0\u00a0\u00a0\u00a0\u00a0\u00a0\u00a0\u00a0\u00a0\u00a0 Juniorsuite\u00a0\u00a0\u00a0\u00a0\u00a0\u00a0\u00a0\u00a0\u00a0\u00a0\u00a0\u00a0\u00a0\u00a0\u00a0\u00a0\u00a0 Suite<\/strong><\/p>\n<p>Zu Zweit:\u00a0\u00a0\u00a0\u00a0\u00a0\u00a0\u00a0\u00a0 \u00a0 \u00a0 358,50 \u20ac pro Person\u00a0 \u00a0 \u00a0 \u00a0 \u00a0 \u00a0 \u00a0 \u00a0 \u00a0 \u00a0 \u00a0366,00 \u20ac pro Person\u00a0\u00a0\u00a0\u00a0\u00a0 373,50 \u20ac pro Person<\/p>\n<p>Alleine:\u00a0\u00a0\u00a0\u00a0\u00a0\u00a0\u00a0\u00a0\u00a0\u00a0\u00a0 \u00a0 \u00a0 398,50 \u20ac pro Person\u00a0\u00a0\u00a0\u00a0\u00a0\u00a0\u00a0\u00a0\u00a0\u00a0\u00a0\u00a0\u00a0\u00a0\u00a0\u00a0\u00a0\u00a0\u00a0\u00a0 406,00 \u20ac pro Person\u00a0 \u00a0 \u00a0 \u00a0413,50 \u20ac pro Person<\/p>\n<p class=\"align-center\"><b>Sonntagabend und Montagabend hat unser Restaurant geschlossen!<\/b><\/p>\n<p class=\"align-center\"><b><i>Hunde sind im Fr\u00fchst\u00fccksraum sowie im Restaurant nicht gestattet.<\/i><\/b><\/p>\n<p>&nbsp;<\/p>\n<p><b>Im Preis zus\u00e4tzlich enthalten<\/b><\/p>\n<ul>\n<li>Leihbademantel<\/li>\n<li>Nutzung des Internet (W-Lan)<\/li>\n<li>Nutzung des H\u00d6ERHOF &#8211; Parkplatzes<\/li>\n<li>Kissenbar, Zeitschriften- &amp; B\u00fccherservice<\/li>\n<\/ul>\n<p>&nbsp;<\/p>\n<p><b>Aufpreise<\/b><\/p>\n<ul>\n<li>Verl\u00e4ngerungsnacht inkl. H\u00d6ERHOF &#8211; Fr\u00fchst\u00fcck im Doppelzimmer\n<ul>\n<li>im\u00a0<b>Komfortzimmer 76,00 \u20ac<\/b>\u00a0pro Person \/ Nacht<\/li>\n<li>in der\u00a0<b>Juniorsuite 83,50 \u20ac<\/b>\u00a0pro\u00a0Person \/ Nacht<\/li>\n<li>in der\u00a0<b>Suite 91,00 \u20ac<\/b>\u00a0pro Person \/ Nacht<\/li>\n<\/ul>\n<\/li>\n<\/ul>\n<p>&nbsp;<\/p>\n<ul>\n<li>Verl\u00e4ngerungsnacht inkl. H\u00d6ERHOF &#8211; Fr\u00fchst\u00fcck im Einzelzimmer\n<ul>\n<li>im\u00a0<b>Komfortzimmer 115,00 \u20ac<\/b>\u00a0pro Person \/ Nacht<\/li>\n<li>in der\u00a0<b>Juniorsuite 130,00 \u20ac<\/b>\u00a0pro\u00a0Person \/ Nacht<\/li>\n<li>in der\u00a0<b>Suite 145,50 \u20ac<\/b>\u00a0pro Person \/ Nacht<\/li>\n<\/ul>\n<\/li>\n<\/ul>\n<\/div><\/div>[\/vc_column][\/vc_row]<\/p>\n<\/section>","protected":false},"excerpt":{"rendered":"<p>Kulinarisches Verw\u00f6hnaroma f\u00fcr 3 Tage kombiniert mit herzlicher Gastfreundschaft<\/p>\n","protected":false},"author":2,"featured_media":3832,"template":"","meta":{"_price":"","_stock":"","_tribe_ticket_header":"","_tribe_default_ticket_provider":"","_tribe_ticket_capacity":"0","_ticket_start_date":"","_ticket_end_date":"","_tribe_ticket_show_description":"","_tribe_ticket_show_not_going":false,"_tribe_ticket_use_global_stock":"","_tribe_ticket_global_stock_level":"","_global_stock_mode":"","_global_stock_cap":"","_tribe_rsvp_for_event":"","_tribe_ticket_going_count":"","_tribe_ticket_not_going_count":"","_tribe_tickets_list":"[]","_tribe_ticket_has_attendee_info_fields":false,"_tribe_events_status":"","_tribe_events_status_reason":"","footnotes":"","_tec_slr_enabled":"","_tec_slr_layout":"","_links_to":"","_links_to_target":""},"tags":[],"tribe_events_cat":[79],"class_list":["post-3325","tribe_events","type-tribe_events","status-publish","has-post-thumbnail","hentry","tribe_events_cat-arrangement","cat_arrangement"],"yoast_head":"<!-- This site is optimized with the Yoast SEO plugin v27.5 - https:\/\/yoast.com\/product\/yoast-seo-wordpress\/ -->\n<title>Unser Taunus - Wochenendarrangement f\u00fcr kulinarische Liebhaber<\/title>\n<meta name=\"description\" content=\"Kulinarisches Verw\u00f6hnaroma f\u00fcr zwei Tage kombiniert mit herzlicher Gastfreundschaft,umgeben von historischer Architektur mit modernem Zeitgeist ...\" \/>\n<meta name=\"robots\" content=\"index, follow, max-snippet:-1, max-image-preview:large, max-video-preview:-1\" \/>\n<link rel=\"canonical\" href=\"https:\/\/www.hoerhof.de\/start\/veranstaltung\/geniessertage\/\" \/>\n<meta property=\"og:locale\" content=\"de_DE\" \/>\n<meta property=\"og:type\" content=\"article\" \/>\n<meta property=\"og:title\" content=\"Unser Taunus - Wochenendarrangement f\u00fcr kulinarische Liebhaber\" \/>\n<meta property=\"og:description\" content=\"Kulinarisches Verw\u00f6hnaroma f\u00fcr zwei Tage kombiniert mit herzlicher Gastfreundschaft,umgeben von historischer Architektur mit modernem Zeitgeist ...\" \/>\n<meta property=\"og:url\" content=\"https:\/\/www.hoerhof.de\/start\/veranstaltung\/geniessertage\/\" \/>\n<meta property=\"og:site_name\" content=\"Restaurant ****Hotel H\u00d6ERHOF in Idstein bei Frankfurt\" \/>\n<meta property=\"article:modified_time\" content=\"2023-10-10T19:04:22+00:00\" \/>\n<meta property=\"og:image\" content=\"https:\/\/www.hoerhof.de\/start\/wp-content\/uploads\/2018\/10\/geniesser2.jpg\" \/>\n\t<meta property=\"og:image:width\" content=\"1920\" \/>\n\t<meta property=\"og:image:height\" content=\"960\" \/>\n\t<meta property=\"og:image:type\" content=\"image\/jpeg\" \/>\n<meta name=\"twitter:label1\" content=\"Gesch\u00e4tzte Lesezeit\" \/>\n\t<meta name=\"twitter:data1\" content=\"2\u00a0Minuten\" \/>\n<script type=\"application\/ld+json\" class=\"yoast-schema-graph\">{\"@context\":\"https:\\\/\\\/schema.org\",\"@graph\":[{\"@type\":\"WebPage\",\"@id\":\"https:\\\/\\\/www.hoerhof.de\\\/start\\\/veranstaltung\\\/geniessertage\\\/\",\"url\":\"https:\\\/\\\/www.hoerhof.de\\\/start\\\/veranstaltung\\\/geniessertage\\\/\",\"name\":\"Unser Taunus - Wochenendarrangement f\u00fcr kulinarische Liebhaber\",\"isPartOf\":{\"@id\":\"https:\\\/\\\/www.hoerhof.de\\\/start\\\/#website\"},\"primaryImageOfPage\":{\"@id\":\"https:\\\/\\\/www.hoerhof.de\\\/start\\\/veranstaltung\\\/geniessertage\\\/#primaryimage\"},\"image\":{\"@id\":\"https:\\\/\\\/www.hoerhof.de\\\/start\\\/veranstaltung\\\/geniessertage\\\/#primaryimage\"},\"thumbnailUrl\":\"https:\\\/\\\/www.hoerhof.de\\\/start\\\/wp-content\\\/uploads\\\/2018\\\/10\\\/geniesser2.jpg\",\"datePublished\":\"2019-12-31T23:20:39+00:00\",\"dateModified\":\"2023-10-10T19:04:22+00:00\",\"description\":\"Kulinarisches Verw\u00f6hnaroma f\u00fcr zwei Tage kombiniert mit herzlicher Gastfreundschaft,umgeben von historischer Architektur mit modernem Zeitgeist ...\",\"breadcrumb\":{\"@id\":\"https:\\\/\\\/www.hoerhof.de\\\/start\\\/veranstaltung\\\/geniessertage\\\/#breadcrumb\"},\"inLanguage\":\"de\",\"potentialAction\":[{\"@type\":\"ReadAction\",\"target\":[\"https:\\\/\\\/www.hoerhof.de\\\/start\\\/veranstaltung\\\/geniessertage\\\/\"]}]},{\"@type\":\"ImageObject\",\"inLanguage\":\"de\",\"@id\":\"https:\\\/\\\/www.hoerhof.de\\\/start\\\/veranstaltung\\\/geniessertage\\\/#primaryimage\",\"url\":\"https:\\\/\\\/www.hoerhof.de\\\/start\\\/wp-content\\\/uploads\\\/2018\\\/10\\\/geniesser2.jpg\",\"contentUrl\":\"https:\\\/\\\/www.hoerhof.de\\\/start\\\/wp-content\\\/uploads\\\/2018\\\/10\\\/geniesser2.jpg\",\"width\":1920,\"height\":960},{\"@type\":\"BreadcrumbList\",\"@id\":\"https:\\\/\\\/www.hoerhof.de\\\/start\\\/veranstaltung\\\/geniessertage\\\/#breadcrumb\",\"itemListElement\":[{\"@type\":\"ListItem\",\"position\":1,\"name\":\"Startseite\",\"item\":\"https:\\\/\\\/www.hoerhof.de\\\/start\\\/\"},{\"@type\":\"ListItem\",\"position\":2,\"name\":\"Veranstaltungen\",\"item\":\"https:\\\/\\\/www.hoerhof.de\\\/start\\\/events\\\/\"},{\"@type\":\"ListItem\",\"position\":3,\"name\":\"Der Genie\u00dfer\"}]},{\"@type\":\"WebSite\",\"@id\":\"https:\\\/\\\/www.hoerhof.de\\\/start\\\/#website\",\"url\":\"https:\\\/\\\/www.hoerhof.de\\\/start\\\/\",\"name\":\"Restaurant ****Hotel H\u00d6ERHOF in Idstein bei Frankfurt\",\"description\":\"Speisen und Schlafen vom Feinsten\",\"potentialAction\":[{\"@type\":\"SearchAction\",\"target\":{\"@type\":\"EntryPoint\",\"urlTemplate\":\"https:\\\/\\\/www.hoerhof.de\\\/start\\\/?s={search_term_string}\"},\"query-input\":{\"@type\":\"PropertyValueSpecification\",\"valueRequired\":true,\"valueName\":\"search_term_string\"}}],\"inLanguage\":\"de\"}]}<\/script>\n<!-- \/ Yoast SEO plugin. -->","yoast_head_json":{"title":"Unser Taunus - Wochenendarrangement f\u00fcr kulinarische Liebhaber","description":"Kulinarisches Verw\u00f6hnaroma f\u00fcr zwei Tage kombiniert mit herzlicher Gastfreundschaft,umgeben von historischer Architektur mit modernem Zeitgeist ...","robots":{"index":"index","follow":"follow","max-snippet":"max-snippet:-1","max-image-preview":"max-image-preview:large","max-video-preview":"max-video-preview:-1"},"canonical":"https:\/\/www.hoerhof.de\/start\/veranstaltung\/geniessertage\/","og_locale":"de_DE","og_type":"article","og_title":"Unser Taunus - Wochenendarrangement f\u00fcr kulinarische Liebhaber","og_description":"Kulinarisches Verw\u00f6hnaroma f\u00fcr zwei Tage kombiniert mit herzlicher Gastfreundschaft,umgeben von historischer Architektur mit modernem Zeitgeist ...","og_url":"https:\/\/www.hoerhof.de\/start\/veranstaltung\/geniessertage\/","og_site_name":"Restaurant ****Hotel H\u00d6ERHOF in Idstein bei Frankfurt","article_modified_time":"2023-10-10T19:04:22+00:00","og_image":[{"width":1920,"height":960,"url":"https:\/\/www.hoerhof.de\/start\/wp-content\/uploads\/2018\/10\/geniesser2.jpg","type":"image\/jpeg"}],"twitter_misc":{"Gesch\u00e4tzte Lesezeit":"2\u00a0Minuten"},"schema":{"@context":"https:\/\/schema.org","@graph":[{"@type":"WebPage","@id":"https:\/\/www.hoerhof.de\/start\/veranstaltung\/geniessertage\/","url":"https:\/\/www.hoerhof.de\/start\/veranstaltung\/geniessertage\/","name":"Unser Taunus - Wochenendarrangement f\u00fcr kulinarische Liebhaber","isPartOf":{"@id":"https:\/\/www.hoerhof.de\/start\/#website"},"primaryImageOfPage":{"@id":"https:\/\/www.hoerhof.de\/start\/veranstaltung\/geniessertage\/#primaryimage"},"image":{"@id":"https:\/\/www.hoerhof.de\/start\/veranstaltung\/geniessertage\/#primaryimage"},"thumbnailUrl":"https:\/\/www.hoerhof.de\/start\/wp-content\/uploads\/2018\/10\/geniesser2.jpg","datePublished":"2019-12-31T23:20:39+00:00","dateModified":"2023-10-10T19:04:22+00:00","description":"Kulinarisches Verw\u00f6hnaroma f\u00fcr zwei Tage kombiniert mit herzlicher Gastfreundschaft,umgeben von historischer Architektur mit modernem Zeitgeist ...","breadcrumb":{"@id":"https:\/\/www.hoerhof.de\/start\/veranstaltung\/geniessertage\/#breadcrumb"},"inLanguage":"de","potentialAction":[{"@type":"ReadAction","target":["https:\/\/www.hoerhof.de\/start\/veranstaltung\/geniessertage\/"]}]},{"@type":"ImageObject","inLanguage":"de","@id":"https:\/\/www.hoerhof.de\/start\/veranstaltung\/geniessertage\/#primaryimage","url":"https:\/\/www.hoerhof.de\/start\/wp-content\/uploads\/2018\/10\/geniesser2.jpg","contentUrl":"https:\/\/www.hoerhof.de\/start\/wp-content\/uploads\/2018\/10\/geniesser2.jpg","width":1920,"height":960},{"@type":"BreadcrumbList","@id":"https:\/\/www.hoerhof.de\/start\/veranstaltung\/geniessertage\/#breadcrumb","itemListElement":[{"@type":"ListItem","position":1,"name":"Startseite","item":"https:\/\/www.hoerhof.de\/start\/"},{"@type":"ListItem","position":2,"name":"Veranstaltungen","item":"https:\/\/www.hoerhof.de\/start\/events\/"},{"@type":"ListItem","position":3,"name":"Der Genie\u00dfer"}]},{"@type":"WebSite","@id":"https:\/\/www.hoerhof.de\/start\/#website","url":"https:\/\/www.hoerhof.de\/start\/","name":"Restaurant ****Hotel H\u00d6ERHOF in Idstein bei Frankfurt","description":"Speisen und Schlafen vom Feinsten","potentialAction":[{"@type":"SearchAction","target":{"@type":"EntryPoint","urlTemplate":"https:\/\/www.hoerhof.de\/start\/?s={search_term_string}"},"query-input":{"@type":"PropertyValueSpecification","valueRequired":true,"valueName":"search_term_string"}}],"inLanguage":"de"}]}},"ticketed":false,"_links":{"self":[{"href":"https:\/\/www.hoerhof.de\/start\/wp-json\/wp\/v2\/tribe_events\/3325","targetHints":{"allow":["GET"]}}],"collection":[{"href":"https:\/\/www.hoerhof.de\/start\/wp-json\/wp\/v2\/tribe_events"}],"about":[{"href":"https:\/\/www.hoerhof.de\/start\/wp-json\/wp\/v2\/types\/tribe_events"}],"author":[{"embeddable":true,"href":"https:\/\/www.hoerhof.de\/start\/wp-json\/wp\/v2\/users\/2"}],"version-history":[{"count":7,"href":"https:\/\/www.hoerhof.de\/start\/wp-json\/wp\/v2\/tribe_events\/3325\/revisions"}],"predecessor-version":[{"id":8301,"href":"https:\/\/www.hoerhof.de\/start\/wp-json\/wp\/v2\/tribe_events\/3325\/revisions\/8301"}],"wp:featuredmedia":[{"embeddable":true,"href":"https:\/\/www.hoerhof.de\/start\/wp-json\/wp\/v2\/media\/3832"}],"wp:attachment":[{"href":"https:\/\/www.hoerhof.de\/start\/wp-json\/wp\/v2\/media?parent=3325"}],"wp:term":[{"taxonomy":"post_tag","embeddable":true,"href":"https:\/\/www.hoerhof.de\/start\/wp-json\/wp\/v2\/tags?post=3325"},{"taxonomy":"tribe_events_cat","embeddable":true,"href":"https:\/\/www.hoerhof.de\/start\/wp-json\/wp\/v2\/tribe_events_cat?post=3325"}],"curies":[{"name":"wp","href":"https:\/\/api.w.org\/{rel}","templated":true}]}}