{"id":8553,"date":"2026-03-11T10:09:50","date_gmt":"2026-03-11T09:09:50","guid":{"rendered":"https:\/\/www.hoerhof.de\/start\/?post_type=tribe_events&#038;p=8553"},"modified":"2026-08-26T18:54:53","modified_gmt":"2026-08-26T16:54:53","slug":"das-silvester-arrangement","status":"publish","type":"tribe_events","link":"https:\/\/www.hoerhof.de\/start\/veranstaltung\/das-silvester-arrangement\/","title":{"rendered":"Das Silvester Arrangement"},"content":{"rendered":"<section class=\"wpb-content-wrapper\"><p>[vc_row][vc_column]<div class=\"text-block \" ><div class=\"simple-text \"><p>4 N\u00e4chte\u00a0 Silvester Auszeit &#8211; <strong>30.12.206-03.01.2027<\/strong><\/p>\n<h1>Jahreswechsel im H\u00d6ERHOF \u2013 \u201eViva Italia \u2013 La Dolce Vita\u201c<\/h1>\n<p class=\"isSelectedEnd\">Verbringen Sie den Jahreswechsel im stilvollen H\u00d6ERHOF und lassen Sie sich von uns mit vier Tagen voller Genuss, Kultur und besonderer Wohlf\u00fchlmomente verw\u00f6hnen.<\/p>\n<p><strong>30. Dezember \u2013 Ankommen &amp; Genie\u00dfen<\/strong><\/p>\n<p class=\"isSelectedEnd\">Zum Auftakt Ihres Aufenthalts hei\u00dfen wir Sie mit einem feinen Aperitif herzlich willkommen. Anschlie\u00dfend erwartet Sie ein k\u00f6stliches 3-Gang-Schlemmer-Men\u00fc, das Sie genussvoll auf die kommenden Tage einstimmt.<\/p>\n<p><strong><span style=\"font-size: 12pt;\">31. Dezember \u2013 Idstein entdecken &amp; Silvester feiern<\/span><\/strong><\/p>\n<p>Starten Sie entspannt mit unserem <strong>H\u00d6ERHOF-Fr\u00fchst\u00fcck<\/strong> in den letzten Tag des Jahres.<\/p>\n<p>Um 10.30h lernen Sie bei einer stimmungsvollen, professionellen <strong>Stadtf\u00fchrung unsere historische Altstadt<\/strong> kennen: Tauchen Sie ein in die Geschichte von Idstein.<\/p>\n<p>Am Abend hei\u00dft es dann: Benvenuti in Italia! Bei unserer <strong>gro\u00dfen Silvestergala \u201eViva Italia \u2013 La Dolce Vita\u201c <\/strong>feiern wir gemeinsam den Jahreswechsel. Freuen Sie sich auf ein festliches <strong>5-Gang-Men\u00fc und eine kulinarische Reise durch Italien<\/strong>, die Sie mit ausgew\u00e4hlten Spezialit\u00e4ten auf eine genussvolle Entdeckungstour durch verschiedene Regionen Italiens entf\u00fchrt. Abgerundet wird der Abend durch ein <a href=\"https:\/\/www.hoerhof.de\/start\/veranstaltung\/silvester-im-hoeerhof\/?preview_id=9786&amp;preview_nonce=967f4a921f&amp;_thumbnail_id=9205&amp;preview=true\"><strong>stimmungsvolles K\u00fcnstlerprogramm<\/strong><\/a>, italienisches Lebensgef\u00fchl und beste Unterhaltung \u2013 f\u00fcr einen unvergesslichen Jahreswechsel ganz im Zeichen von La Dolce Vita.<\/p>\n<p class=\"isSelectedEnd\"><strong>1. Januar \u2013 Entspannt ins neue Jahr<\/strong><br \/>\nNach einer rauschenden Silvesternacht erwartet Sie unser gem\u00fctliches <strong>Katerfr\u00fchst\u00fcck ab 09:00 Uhr.<\/strong> Am Abend lassen wir den ersten Tag des neuen Jahres bei geselligem K\u00e4sefondue in entspannter Atmosph\u00e4re ausklingen.<\/p>\n<p><strong>2. Januar \u2013 Genuss zum Abschied<\/strong><br \/>\nNoch einmal hei\u00dft es genie\u00dfen: Der Taunus verabschiedet Sie mit regionalen K\u00f6stlichkeiten bei einem feinen <strong>3-Gang-Men\u00fc<\/strong>. Lassen Sie die vergangenen Tage Revue passieren und genie\u00dfen Sie Ihren letzten Abend bei uns.<\/p>\n<p class=\"isSelectedEnd\"><strong>3. Januar \u2013 Auf Wiedersehen<\/strong><br \/>\nNach einem genussvollen Aufenthalt und vielen sch\u00f6nen Erinnerungen hei\u00dft es Abschied nehmen. Gut erholt und mit einem gelungenen Start ins neue Jahr treten Sie Ihre Heimreise an.<\/p>\n<p><strong>Vier Tage voller Genuss, Kultur und italienischer Lebensfreude \u2013 der perfekte Jahreswechsel und ein wundervoller Start in das neue Jahr 2027.<\/strong><\/p>\n<p>&nbsp;<\/p>\n<p><strong>Kategorie:\u00a0\u00a0\u00a0\u00a0\u00a0\u00a0\u00a0 Komfortzimmer\u00a0\u00a0\u00a0\u00a0\u00a0\u00a0\u00a0\u00a0\u00a0\u00a0\u00a0\u00a0\u00a0\u00a0\u00a0\u00a0\u00a0\u00a0\u00a0\u00a0\u00a0\u00a0 Juniorsuite\u00a0\u00a0\u00a0\u00a0\u00a0\u00a0\u00a0\u00a0\u00a0\u00a0\u00a0\u00a0\u00a0\u00a0\u00a0\u00a0\u00a0 Suite<\/strong><\/p>\n<p>Zu Zweit:\u00a0\u00a0\u00a0\u00a0\u00a0\u00a0\u00a0\u00a0 \u00a0 \u00a0 790,00 \u20ac pro Person\u00a0 \u00a0 \u00a0 \u00a0 \u00a0 \u00a0 \u00a0 \u00a0 \u00a0 \u00a0 830,00 \u20ac pro Person\u00a0\u00a0\u00a0\u00a0\u00a0 870,00 \u20ac pro Person<\/p>\n<p>&nbsp;<\/p>\n<p class=\"align-center\"><b><i>Hunde sind im Fr\u00fchst\u00fccksraum sowie im Restaurant nicht gestattet.<\/i><\/b><\/p>\n<p>&nbsp;<\/p>\n<p><b>Im Preis zus\u00e4tzlich enthalten<\/b><\/p>\n<ul>\n<li>Leihbademantel<\/li>\n<li>Nutzung des Internet (W-Lan)<\/li>\n<li>Nutzung des H\u00d6ERHOF &#8211; Parkplatzes<\/li>\n<li>Kissenbar, Zeitschriften- &amp; B\u00fccherservice<\/li>\n<\/ul>\n<\/div><\/div>[\/vc_column][\/vc_row]<\/p>\n<\/section>","protected":false},"excerpt":{"rendered":"<p>Jahreswechsel im H\u00d6ERHOF \u2013 \u201eViva Italia \u2013 La Dolce Vita\u201c<\/p>\n","protected":false},"author":2,"featured_media":7231,"template":"","meta":{"_price":"","_stock":"","_tribe_ticket_header":"","_tribe_default_ticket_provider":"","_tribe_ticket_capacity":"0","_ticket_start_date":"","_ticket_end_date":"","_tribe_ticket_show_description":"","_tribe_ticket_show_not_going":false,"_tribe_ticket_use_global_stock":"","_tribe_ticket_global_stock_level":"","_global_stock_mode":"","_global_stock_cap":"","_tribe_rsvp_for_event":"","_tribe_ticket_going_count":"","_tribe_ticket_not_going_count":"","_tribe_tickets_list":"[]","_tribe_ticket_has_attendee_info_fields":false,"_tribe_events_status":"","_tribe_events_status_reason":"","footnotes":"","_tec_slr_enabled":"","_tec_slr_layout":"","_links_to":"","_links_to_target":""},"tags":[],"tribe_events_cat":[79,23],"class_list":["post-8553","tribe_events","type-tribe_events","status-publish","has-post-thumbnail","hentry","tribe_events_cat-arrangement","tribe_events_cat-winter","cat_arrangement","cat_winter"],"yoast_head":"<!-- This site is optimized with the Yoast SEO plugin v28.4 - https:\/\/yoast.com\/product\/yoast-seo-wordpress\/ -->\n<title>Jahreswechsel im H\u00d6ERHOF \u2013 \u201eViva Italia \u2013 La Dolce Vita\u201c<\/title>\n<meta name=\"description\" content=\"Verbringen Sie den Jahreswechsel im H\u00d6ERHOF wir verw\u00f6hnen Sie mit vier Tagen voller Genuss, Kultur und besonderer Wohlf\u00fchlmomente\" \/>\n<meta name=\"robots\" content=\"index, follow, max-snippet:-1, max-image-preview:large, max-video-preview:-1\" \/>\n<link rel=\"canonical\" href=\"https:\/\/www.hoerhof.de\/start\/veranstaltung\/das-silvester-arrangement\/\" \/>\n<meta property=\"og:locale\" content=\"de_DE\" \/>\n<meta property=\"og:type\" content=\"article\" \/>\n<meta property=\"og:title\" content=\"Jahreswechsel im H\u00d6ERHOF \u2013 \u201eViva Italia \u2013 La Dolce Vita\u201c\" \/>\n<meta property=\"og:description\" content=\"Verbringen Sie den Jahreswechsel im H\u00d6ERHOF wir verw\u00f6hnen Sie mit vier Tagen voller Genuss, Kultur und besonderer Wohlf\u00fchlmomente\" \/>\n<meta property=\"og:url\" content=\"https:\/\/www.hoerhof.de\/start\/veranstaltung\/das-silvester-arrangement\/\" \/>\n<meta property=\"og:site_name\" content=\"Restaurant ****Hotel H\u00d6ERHOF in Idstein bei Frankfurt\" \/>\n<meta property=\"article:modified_time\" content=\"2026-08-26T16:54:53+00:00\" \/>\n<meta property=\"og:image\" content=\"https:\/\/www.hoerhof.de\/start\/wp-content\/uploads\/2021\/03\/silvester.jpg\" \/>\n\t<meta property=\"og:image:width\" content=\"1500\" \/>\n\t<meta property=\"og:image:height\" content=\"750\" \/>\n\t<meta property=\"og:image:type\" content=\"image\/jpeg\" \/>\n<meta name=\"twitter:label1\" content=\"Gesch\u00e4tzte Lesezeit\" \/>\n\t<meta name=\"twitter:data1\" content=\"3\u00a0Minuten\" \/>\n<script type=\"application\/ld+json\" class=\"yoast-schema-graph\">{\"@context\":\"https:\\\/\\\/schema.org\",\"@graph\":[{\"@type\":\"WebPage\",\"@id\":\"https:\\\/\\\/www.hoerhof.de\\\/start\\\/veranstaltung\\\/das-silvester-arrangement\\\/\",\"url\":\"https:\\\/\\\/www.hoerhof.de\\\/start\\\/veranstaltung\\\/das-silvester-arrangement\\\/\",\"name\":\"Jahreswechsel im H\u00d6ERHOF \u2013 \u201eViva Italia \u2013 La Dolce Vita\u201c\",\"isPartOf\":{\"@id\":\"https:\\\/\\\/www.hoerhof.de\\\/start\\\/#website\"},\"primaryImageOfPage\":{\"@id\":\"https:\\\/\\\/www.hoerhof.de\\\/start\\\/veranstaltung\\\/das-silvester-arrangement\\\/#primaryimage\"},\"image\":{\"@id\":\"https:\\\/\\\/www.hoerhof.de\\\/start\\\/veranstaltung\\\/das-silvester-arrangement\\\/#primaryimage\"},\"thumbnailUrl\":\"https:\\\/\\\/www.hoerhof.de\\\/start\\\/wp-content\\\/uploads\\\/2021\\\/03\\\/silvester.jpg\",\"datePublished\":\"2026-03-11T09:09:50+00:00\",\"dateModified\":\"2026-08-26T16:54:53+00:00\",\"description\":\"Verbringen Sie den Jahreswechsel im H\u00d6ERHOF wir verw\u00f6hnen Sie mit vier Tagen voller Genuss, Kultur und besonderer Wohlf\u00fchlmomente\",\"breadcrumb\":{\"@id\":\"https:\\\/\\\/www.hoerhof.de\\\/start\\\/veranstaltung\\\/das-silvester-arrangement\\\/#breadcrumb\"},\"inLanguage\":\"de\",\"potentialAction\":[{\"@type\":\"ReadAction\",\"target\":[\"https:\\\/\\\/www.hoerhof.de\\\/start\\\/veranstaltung\\\/das-silvester-arrangement\\\/\"]}]},{\"@type\":\"ImageObject\",\"inLanguage\":\"de\",\"@id\":\"https:\\\/\\\/www.hoerhof.de\\\/start\\\/veranstaltung\\\/das-silvester-arrangement\\\/#primaryimage\",\"url\":\"https:\\\/\\\/www.hoerhof.de\\\/start\\\/wp-content\\\/uploads\\\/2021\\\/03\\\/silvester.jpg\",\"contentUrl\":\"https:\\\/\\\/www.hoerhof.de\\\/start\\\/wp-content\\\/uploads\\\/2021\\\/03\\\/silvester.jpg\",\"width\":1500,\"height\":750},{\"@type\":\"BreadcrumbList\",\"@id\":\"https:\\\/\\\/www.hoerhof.de\\\/start\\\/veranstaltung\\\/das-silvester-arrangement\\\/#breadcrumb\",\"itemListElement\":[{\"@type\":\"ListItem\",\"position\":1,\"name\":\"Startseite\",\"item\":\"https:\\\/\\\/www.hoerhof.de\\\/start\\\/\"},{\"@type\":\"ListItem\",\"position\":2,\"name\":\"Veranstaltungen\",\"item\":\"https:\\\/\\\/www.hoerhof.de\\\/start\\\/events\\\/\"},{\"@type\":\"ListItem\",\"position\":3,\"name\":\"Das Silvester Arrangement\"}]},{\"@type\":\"WebSite\",\"@id\":\"https:\\\/\\\/www.hoerhof.de\\\/start\\\/#website\",\"url\":\"https:\\\/\\\/www.hoerhof.de\\\/start\\\/\",\"name\":\"Restaurant ****Hotel H\u00d6ERHOF in Idstein bei Frankfurt\",\"description\":\"Speisen und Schlafen vom Feinsten\",\"potentialAction\":[{\"@type\":\"SearchAction\",\"target\":{\"@type\":\"EntryPoint\",\"urlTemplate\":\"https:\\\/\\\/www.hoerhof.de\\\/start\\\/?s={search_term_string}\"},\"query-input\":{\"@type\":\"PropertyValueSpecification\",\"valueRequired\":true,\"valueName\":\"search_term_string\"}}],\"inLanguage\":\"de\"}]}<\/script>\n<!-- \/ Yoast SEO plugin. -->","yoast_head_json":{"title":"Jahreswechsel im H\u00d6ERHOF \u2013 \u201eViva Italia \u2013 La Dolce Vita\u201c","description":"Verbringen Sie den Jahreswechsel im H\u00d6ERHOF wir verw\u00f6hnen Sie mit vier Tagen voller Genuss, Kultur und besonderer Wohlf\u00fchlmomente","robots":{"index":"index","follow":"follow","max-snippet":"max-snippet:-1","max-image-preview":"max-image-preview:large","max-video-preview":"max-video-preview:-1"},"canonical":"https:\/\/www.hoerhof.de\/start\/veranstaltung\/das-silvester-arrangement\/","og_locale":"de_DE","og_type":"article","og_title":"Jahreswechsel im H\u00d6ERHOF \u2013 \u201eViva Italia \u2013 La Dolce Vita\u201c","og_description":"Verbringen Sie den Jahreswechsel im H\u00d6ERHOF wir verw\u00f6hnen Sie mit vier Tagen voller Genuss, Kultur und besonderer Wohlf\u00fchlmomente","og_url":"https:\/\/www.hoerhof.de\/start\/veranstaltung\/das-silvester-arrangement\/","og_site_name":"Restaurant ****Hotel H\u00d6ERHOF in Idstein bei Frankfurt","article_modified_time":"2026-08-26T16:54:53+00:00","og_image":[{"width":1500,"height":750,"url":"https:\/\/www.hoerhof.de\/start\/wp-content\/uploads\/2021\/03\/silvester.jpg","type":"image\/jpeg"}],"twitter_misc":{"Gesch\u00e4tzte Lesezeit":"3\u00a0Minuten"},"schema":{"@context":"https:\/\/schema.org","@graph":[{"@type":"WebPage","@id":"https:\/\/www.hoerhof.de\/start\/veranstaltung\/das-silvester-arrangement\/","url":"https:\/\/www.hoerhof.de\/start\/veranstaltung\/das-silvester-arrangement\/","name":"Jahreswechsel im H\u00d6ERHOF \u2013 \u201eViva Italia \u2013 La Dolce Vita\u201c","isPartOf":{"@id":"https:\/\/www.hoerhof.de\/start\/#website"},"primaryImageOfPage":{"@id":"https:\/\/www.hoerhof.de\/start\/veranstaltung\/das-silvester-arrangement\/#primaryimage"},"image":{"@id":"https:\/\/www.hoerhof.de\/start\/veranstaltung\/das-silvester-arrangement\/#primaryimage"},"thumbnailUrl":"https:\/\/www.hoerhof.de\/start\/wp-content\/uploads\/2021\/03\/silvester.jpg","datePublished":"2026-03-11T09:09:50+00:00","dateModified":"2026-08-26T16:54:53+00:00","description":"Verbringen Sie den Jahreswechsel im H\u00d6ERHOF wir verw\u00f6hnen Sie mit vier Tagen voller Genuss, Kultur und besonderer Wohlf\u00fchlmomente","breadcrumb":{"@id":"https:\/\/www.hoerhof.de\/start\/veranstaltung\/das-silvester-arrangement\/#breadcrumb"},"inLanguage":"de","potentialAction":[{"@type":"ReadAction","target":["https:\/\/www.hoerhof.de\/start\/veranstaltung\/das-silvester-arrangement\/"]}]},{"@type":"ImageObject","inLanguage":"de","@id":"https:\/\/www.hoerhof.de\/start\/veranstaltung\/das-silvester-arrangement\/#primaryimage","url":"https:\/\/www.hoerhof.de\/start\/wp-content\/uploads\/2021\/03\/silvester.jpg","contentUrl":"https:\/\/www.hoerhof.de\/start\/wp-content\/uploads\/2021\/03\/silvester.jpg","width":1500,"height":750},{"@type":"BreadcrumbList","@id":"https:\/\/www.hoerhof.de\/start\/veranstaltung\/das-silvester-arrangement\/#breadcrumb","itemListElement":[{"@type":"ListItem","position":1,"name":"Startseite","item":"https:\/\/www.hoerhof.de\/start\/"},{"@type":"ListItem","position":2,"name":"Veranstaltungen","item":"https:\/\/www.hoerhof.de\/start\/events\/"},{"@type":"ListItem","position":3,"name":"Das Silvester Arrangement"}]},{"@type":"WebSite","@id":"https:\/\/www.hoerhof.de\/start\/#website","url":"https:\/\/www.hoerhof.de\/start\/","name":"Restaurant ****Hotel H\u00d6ERHOF in Idstein bei Frankfurt","description":"Speisen und Schlafen vom Feinsten","potentialAction":[{"@type":"SearchAction","target":{"@type":"EntryPoint","urlTemplate":"https:\/\/www.hoerhof.de\/start\/?s={search_term_string}"},"query-input":{"@type":"PropertyValueSpecification","valueRequired":true,"valueName":"search_term_string"}}],"inLanguage":"de"}]}},"ticketed":false,"_links":{"self":[{"href":"https:\/\/www.hoerhof.de\/start\/wp-json\/wp\/v2\/tribe_events\/8553","targetHints":{"allow":["GET"]}}],"collection":[{"href":"https:\/\/www.hoerhof.de\/start\/wp-json\/wp\/v2\/tribe_events"}],"about":[{"href":"https:\/\/www.hoerhof.de\/start\/wp-json\/wp\/v2\/types\/tribe_events"}],"author":[{"embeddable":true,"href":"https:\/\/www.hoerhof.de\/start\/wp-json\/wp\/v2\/users\/2"}],"version-history":[{"count":7,"href":"https:\/\/www.hoerhof.de\/start\/wp-json\/wp\/v2\/tribe_events\/8553\/revisions"}],"predecessor-version":[{"id":9821,"href":"https:\/\/www.hoerhof.de\/start\/wp-json\/wp\/v2\/tribe_events\/8553\/revisions\/9821"}],"wp:featuredmedia":[{"embeddable":true,"href":"https:\/\/www.hoerhof.de\/start\/wp-json\/wp\/v2\/media\/7231"}],"wp:attachment":[{"href":"https:\/\/www.hoerhof.de\/start\/wp-json\/wp\/v2\/media?parent=8553"}],"wp:term":[{"taxonomy":"post_tag","embeddable":true,"href":"https:\/\/www.hoerhof.de\/start\/wp-json\/wp\/v2\/tags?post=8553"},{"taxonomy":"tribe_events_cat","embeddable":true,"href":"https:\/\/www.hoerhof.de\/start\/wp-json\/wp\/v2\/tribe_events_cat?post=8553"}],"curies":[{"name":"wp","href":"https:\/\/api.w.org\/{rel}","templated":true}]}}