{"id":9110,"date":"2025-10-06T17:52:40","date_gmt":"2025-10-06T15:52:40","guid":{"rendered":"https:\/\/www.hoerhof.de\/start\/?post_type=tribe_events&#038;p=9110"},"modified":"2025-10-06T17:53:16","modified_gmt":"2025-10-06T15:53:16","slug":"die-hoeerhof-kriminacht-3","status":"publish","type":"tribe_events","link":"https:\/\/www.hoerhof.de\/start\/veranstaltung\/die-hoeerhof-kriminacht-3\/","title":{"rendered":"Die H\u00f6erhof &#8211; Kriminacht"},"content":{"rendered":"<section class=\"wpb-content-wrapper\"><p>[vc_row][vc_column]<div class=\"text-block \" ><div class=\"simple-text \"><p><span style=\"font-family: georgia, palatino, serif; font-size: 18pt;\"><strong>Mord im Schatten des Hexenturms<\/strong><\/span><\/p>\n<div class=\"kvgmc6g5 cxmmr5t8 oygrvhab hcukyx3x c1et5uql\">\n<p class=\"western\"><span style=\"color: #000000; font-family: georgia, palatino, serif; font-size: 14pt;\"><i>Kriminacht in Idstein<\/i><\/span><\/p>\n<p class=\"western\"><span style=\"font-family: georgia, palatino, serif;\"><span style=\"color: #000000;\">Die Fachwerkh\u00e4user ruhen friedlich, die Gassen liegen im sanften Mondschein. Doch dieser <\/span><span style=\"color: #000000;\">malerische Schein tr\u00fcgt<\/span><span style=\"color: #000000;\">. Hinter den jahrhundertealten Mauern brodeln Leidenschaften, Geheimnisse und&#8230; <\/span><span style=\"color: #000000;\">t\u00f6dliche Intrigen<\/span><span style=\"color: #000000;\">.<\/span><\/span><\/p>\n<p class=\"western\"><span style=\"font-family: georgia, palatino, serif;\"><span style=\"color: #000000;\">Sie werden <\/span><span style=\"color: #000000;\">Zeuge eines Verbrechens<\/span><span style=\"color: #000000;\">, das die beschauliche Stadt am Hexenturm ersch\u00fcttert. W\u00e4hrend Sie durch die <\/span><span style=\"color: #000000;\">mystischen Gassen<\/span><span style=\"color: #000000;\"> wandeln und dabei die faszinierende Geschichte Idsteins entdecken, entfaltet sich vor Ihren Augen ein <\/span><span style=\"color: #000000;\"><b>spannendes Kriminalst\u00fcck<\/b><\/span><span style=\"color: #000000;\">.<\/span><\/span><\/p>\n<p class=\"western\"><span style=\"font-family: georgia, palatino, serif;\"><span style=\"color: #000000;\">Ermitteln Sie mit Stil:<\/span><span style=\"color: #000000;\"> Unser <\/span><span style=\"color: #000000;\"><b>exquisites 3-Gang-Dinner<\/b><\/span><span style=\"color: #000000;\"> begleitet Sie durch diesen au\u00dfergew\u00f6hnlichen Abend. Zwischen <\/span><span style=\"color: #000000;\">Vorspeise und Hauptgang<\/span><span style=\"color: #000000;\"><strong> s<\/strong>ammeln Sie Indizien, beim <\/span><span style=\"color: #000000;\">Dessert<\/span><span style=\"color: #000000;\"> k\u00f6nnte der Fall gel\u00f6st sein \u2013 wenn Sie geschickt genug sind.<\/span><\/span><\/p>\n<p class=\"western\"><span style=\"color: #000000; font-family: georgia, palatino, serif;\"><i>Lassen Sie sich verf\u00fchren von einem Abend, der kulinarischen Genuss mit detektivischem Scharfsinn vereint.<\/i><\/span><\/p>\n<\/div>\n<div class=\"o9v6fnle cxmmr5t8 oygrvhab hcukyx3x c1et5uql\"><span style=\"font-family: georgia, palatino, serif;\">Doch nat\u00fcrlich steht es Ihnen frei, sich im Rahmen unseres Criminal Dinners<\/span><br \/>\n<span style=\"font-family: georgia, palatino, serif;\">in drei G\u00e4ngen aktiv zu beteiligen oder den Abend als stiller Augenzeuge zu genie\u00dfen.<\/span><\/div>\n<h3><\/h3>\n<table class=\"contenttable\" style=\"width: 65.7457%; height: 168px;\">\n<tbody>\n<tr style=\"height: 24px;\">\n<th style=\"text-align: left; height: 24px;\" scope=\"row\"><\/th>\n<td style=\"height: 24px;\"><\/td>\n<td style=\"height: 24px;\"><span style=\"font-size: 14pt;\">Freitag, den 18. September 2026<\/span><\/td>\n<\/tr>\n<tr style=\"height: 24px;\">\n<th style=\"text-align: left; height: 24px;\" scope=\"row\">Tatzeit:<\/th>\n<td style=\"height: 24px;\"><\/td>\n<td style=\"height: 24px;\">18:30 Uhr<\/td>\n<\/tr>\n<tr style=\"height: 24px;\">\n<th style=\"text-align: left; height: 24px;\" scope=\"row\">Eintrittskarte:<\/th>\n<td style=\"height: 24px;\"><\/td>\n<td style=\"height: 24px;\"><b>95,00 \u20ac pro Person <\/b><\/td>\n<\/tr>\n<tr style=\"height: 48px;\">\n<th style=\"text-align: left; height: 48px;\" scope=\"row\">Inklusive:<\/th>\n<td style=\"height: 48px;\"><\/td>\n<td style=\"height: 48px;\">Interaktives Krimi-Erlebnis, 3 \u2013 Gang Men\u00fc inkl. Begr\u00fc\u00dfungstrunk<\/td>\n<\/tr>\n<tr style=\"height: 48px;\">\n<th style=\"height: 48px;\" rowspan=\"1\" scope=\"row\">Reservierung unter:<\/th>\n<td style=\"height: 48px;\" rowspan=\"1\"><\/td>\n<td style=\"height: 48px;\" rowspan=\"1\">Tel: 06126 50026\u00a0\u00a0\u00a0\u00a0\u00a0\u00a0<a>info@hoerhof.de<\/a><\/td>\n<\/tr>\n<\/tbody>\n<\/table>\n<\/div><\/div>[\/vc_column][\/vc_row]<\/p>\n<\/section>","protected":false},"excerpt":{"rendered":"<p>Mord im Schatten des Hexenturms &#8211; Wir laden ein zur Kriminacht in Idstein!<\/p>\n","protected":false},"author":2,"featured_media":2060,"template":"","meta":{"_price":"","_stock":"","_tribe_ticket_header":"","_tribe_default_ticket_provider":"","_tribe_ticket_capacity":"0","_ticket_start_date":"","_ticket_end_date":"","_tribe_ticket_show_description":"","_tribe_ticket_show_not_going":false,"_tribe_ticket_use_global_stock":"","_tribe_ticket_global_stock_level":"","_global_stock_mode":"","_global_stock_cap":"","_tribe_rsvp_for_event":"","_tribe_ticket_going_count":"","_tribe_ticket_not_going_count":"","_tribe_tickets_list":"[]","_tribe_ticket_has_attendee_info_fields":false,"_tribe_events_status":"","_tribe_events_status_reason":"","footnotes":"","_tec_slr_enabled":"","_tec_slr_layout":"","_links_to":"","_links_to_target":""},"tags":[],"tribe_events_cat":[19,22],"class_list":["post-9110","tribe_events","type-tribe_events","status-publish","has-post-thumbnail","hentry","tribe_events_cat-events","tribe_events_cat-herbst","cat_events","cat_herbst"],"yoast_head":"<!-- This site is optimized with the Yoast SEO plugin v27.4 - https:\/\/yoast.com\/product\/yoast-seo-wordpress\/ -->\n<title>Krimidinner - Mord im Schatten des Hexenturms ....<\/title>\n<meta name=\"description\" content=\"Wir laden ein zur Kriminacht in Idstein - Sie brauchen den Kitzel und lieben dunkle Gassen und ebensolche Gestalten? ...\" \/>\n<meta name=\"robots\" content=\"index, follow, max-snippet:-1, max-image-preview:large, max-video-preview:-1\" \/>\n<link rel=\"canonical\" href=\"https:\/\/www.hoerhof.de\/start\/veranstaltung\/die-hoeerhof-kriminacht-3\/\" \/>\n<meta property=\"og:locale\" content=\"de_DE\" \/>\n<meta property=\"og:type\" content=\"article\" \/>\n<meta property=\"og:title\" content=\"Krimidinner - Mord im Schatten des Hexenturms ....\" \/>\n<meta property=\"og:description\" content=\"Wir laden ein zur Kriminacht in Idstein - Sie brauchen den Kitzel und lieben dunkle Gassen und ebensolche Gestalten? ...\" \/>\n<meta property=\"og:url\" content=\"https:\/\/www.hoerhof.de\/start\/veranstaltung\/die-hoeerhof-kriminacht-3\/\" \/>\n<meta property=\"og:site_name\" content=\"Restaurant ****Hotel H\u00d6ERHOF in Idstein bei Frankfurt\" \/>\n<meta property=\"article:modified_time\" content=\"2025-10-06T15:53:16+00:00\" \/>\n<meta property=\"og:image\" content=\"https:\/\/www.hoerhof.de\/start\/wp-content\/uploads\/2018\/09\/mondscheintur-1.jpg\" \/>\n\t<meta property=\"og:image:width\" content=\"1500\" \/>\n\t<meta property=\"og:image:height\" content=\"750\" \/>\n\t<meta property=\"og:image:type\" content=\"image\/jpeg\" \/>\n<meta name=\"twitter:label1\" content=\"Gesch\u00e4tzte Lesezeit\" \/>\n\t<meta name=\"twitter:data1\" content=\"2\u00a0Minuten\" \/>\n<script type=\"application\/ld+json\" class=\"yoast-schema-graph\">{\"@context\":\"https:\\\/\\\/schema.org\",\"@graph\":[{\"@type\":\"WebPage\",\"@id\":\"https:\\\/\\\/www.hoerhof.de\\\/start\\\/veranstaltung\\\/die-hoeerhof-kriminacht-3\\\/\",\"url\":\"https:\\\/\\\/www.hoerhof.de\\\/start\\\/veranstaltung\\\/die-hoeerhof-kriminacht-3\\\/\",\"name\":\"Krimidinner - Mord im Schatten des Hexenturms ....\",\"isPartOf\":{\"@id\":\"https:\\\/\\\/www.hoerhof.de\\\/start\\\/#website\"},\"primaryImageOfPage\":{\"@id\":\"https:\\\/\\\/www.hoerhof.de\\\/start\\\/veranstaltung\\\/die-hoeerhof-kriminacht-3\\\/#primaryimage\"},\"image\":{\"@id\":\"https:\\\/\\\/www.hoerhof.de\\\/start\\\/veranstaltung\\\/die-hoeerhof-kriminacht-3\\\/#primaryimage\"},\"thumbnailUrl\":\"https:\\\/\\\/www.hoerhof.de\\\/start\\\/wp-content\\\/uploads\\\/2018\\\/09\\\/mondscheintur-1.jpg\",\"datePublished\":\"2025-10-06T15:52:40+00:00\",\"dateModified\":\"2025-10-06T15:53:16+00:00\",\"description\":\"Wir laden ein zur Kriminacht in Idstein - Sie brauchen den Kitzel und lieben dunkle Gassen und ebensolche Gestalten? ...\",\"breadcrumb\":{\"@id\":\"https:\\\/\\\/www.hoerhof.de\\\/start\\\/veranstaltung\\\/die-hoeerhof-kriminacht-3\\\/#breadcrumb\"},\"inLanguage\":\"de\",\"potentialAction\":[{\"@type\":\"ReadAction\",\"target\":[\"https:\\\/\\\/www.hoerhof.de\\\/start\\\/veranstaltung\\\/die-hoeerhof-kriminacht-3\\\/\"]}]},{\"@type\":\"ImageObject\",\"inLanguage\":\"de\",\"@id\":\"https:\\\/\\\/www.hoerhof.de\\\/start\\\/veranstaltung\\\/die-hoeerhof-kriminacht-3\\\/#primaryimage\",\"url\":\"https:\\\/\\\/www.hoerhof.de\\\/start\\\/wp-content\\\/uploads\\\/2018\\\/09\\\/mondscheintur-1.jpg\",\"contentUrl\":\"https:\\\/\\\/www.hoerhof.de\\\/start\\\/wp-content\\\/uploads\\\/2018\\\/09\\\/mondscheintur-1.jpg\",\"width\":1500,\"height\":750},{\"@type\":\"BreadcrumbList\",\"@id\":\"https:\\\/\\\/www.hoerhof.de\\\/start\\\/veranstaltung\\\/die-hoeerhof-kriminacht-3\\\/#breadcrumb\",\"itemListElement\":[{\"@type\":\"ListItem\",\"position\":1,\"name\":\"Startseite\",\"item\":\"https:\\\/\\\/www.hoerhof.de\\\/start\\\/\"},{\"@type\":\"ListItem\",\"position\":2,\"name\":\"Veranstaltungen\",\"item\":\"https:\\\/\\\/www.hoerhof.de\\\/start\\\/events\\\/\"},{\"@type\":\"ListItem\",\"position\":3,\"name\":\"Die H\u00f6erhof &#8211; Kriminacht\"}]},{\"@type\":\"WebSite\",\"@id\":\"https:\\\/\\\/www.hoerhof.de\\\/start\\\/#website\",\"url\":\"https:\\\/\\\/www.hoerhof.de\\\/start\\\/\",\"name\":\"Restaurant ****Hotel H\u00d6ERHOF in Idstein bei Frankfurt\",\"description\":\"Speisen und Schlafen vom Feinsten\",\"potentialAction\":[{\"@type\":\"SearchAction\",\"target\":{\"@type\":\"EntryPoint\",\"urlTemplate\":\"https:\\\/\\\/www.hoerhof.de\\\/start\\\/?s={search_term_string}\"},\"query-input\":{\"@type\":\"PropertyValueSpecification\",\"valueRequired\":true,\"valueName\":\"search_term_string\"}}],\"inLanguage\":\"de\"}]}<\/script>\n<!-- \/ Yoast SEO plugin. -->","yoast_head_json":{"title":"Krimidinner - Mord im Schatten des Hexenturms ....","description":"Wir laden ein zur Kriminacht in Idstein - Sie brauchen den Kitzel und lieben dunkle Gassen und ebensolche Gestalten? ...","robots":{"index":"index","follow":"follow","max-snippet":"max-snippet:-1","max-image-preview":"max-image-preview:large","max-video-preview":"max-video-preview:-1"},"canonical":"https:\/\/www.hoerhof.de\/start\/veranstaltung\/die-hoeerhof-kriminacht-3\/","og_locale":"de_DE","og_type":"article","og_title":"Krimidinner - Mord im Schatten des Hexenturms ....","og_description":"Wir laden ein zur Kriminacht in Idstein - Sie brauchen den Kitzel und lieben dunkle Gassen und ebensolche Gestalten? ...","og_url":"https:\/\/www.hoerhof.de\/start\/veranstaltung\/die-hoeerhof-kriminacht-3\/","og_site_name":"Restaurant ****Hotel H\u00d6ERHOF in Idstein bei Frankfurt","article_modified_time":"2025-10-06T15:53:16+00:00","og_image":[{"width":1500,"height":750,"url":"https:\/\/www.hoerhof.de\/start\/wp-content\/uploads\/2018\/09\/mondscheintur-1.jpg","type":"image\/jpeg"}],"twitter_misc":{"Gesch\u00e4tzte Lesezeit":"2\u00a0Minuten"},"schema":{"@context":"https:\/\/schema.org","@graph":[{"@type":"WebPage","@id":"https:\/\/www.hoerhof.de\/start\/veranstaltung\/die-hoeerhof-kriminacht-3\/","url":"https:\/\/www.hoerhof.de\/start\/veranstaltung\/die-hoeerhof-kriminacht-3\/","name":"Krimidinner - Mord im Schatten des Hexenturms ....","isPartOf":{"@id":"https:\/\/www.hoerhof.de\/start\/#website"},"primaryImageOfPage":{"@id":"https:\/\/www.hoerhof.de\/start\/veranstaltung\/die-hoeerhof-kriminacht-3\/#primaryimage"},"image":{"@id":"https:\/\/www.hoerhof.de\/start\/veranstaltung\/die-hoeerhof-kriminacht-3\/#primaryimage"},"thumbnailUrl":"https:\/\/www.hoerhof.de\/start\/wp-content\/uploads\/2018\/09\/mondscheintur-1.jpg","datePublished":"2025-10-06T15:52:40+00:00","dateModified":"2025-10-06T15:53:16+00:00","description":"Wir laden ein zur Kriminacht in Idstein - Sie brauchen den Kitzel und lieben dunkle Gassen und ebensolche Gestalten? ...","breadcrumb":{"@id":"https:\/\/www.hoerhof.de\/start\/veranstaltung\/die-hoeerhof-kriminacht-3\/#breadcrumb"},"inLanguage":"de","potentialAction":[{"@type":"ReadAction","target":["https:\/\/www.hoerhof.de\/start\/veranstaltung\/die-hoeerhof-kriminacht-3\/"]}]},{"@type":"ImageObject","inLanguage":"de","@id":"https:\/\/www.hoerhof.de\/start\/veranstaltung\/die-hoeerhof-kriminacht-3\/#primaryimage","url":"https:\/\/www.hoerhof.de\/start\/wp-content\/uploads\/2018\/09\/mondscheintur-1.jpg","contentUrl":"https:\/\/www.hoerhof.de\/start\/wp-content\/uploads\/2018\/09\/mondscheintur-1.jpg","width":1500,"height":750},{"@type":"BreadcrumbList","@id":"https:\/\/www.hoerhof.de\/start\/veranstaltung\/die-hoeerhof-kriminacht-3\/#breadcrumb","itemListElement":[{"@type":"ListItem","position":1,"name":"Startseite","item":"https:\/\/www.hoerhof.de\/start\/"},{"@type":"ListItem","position":2,"name":"Veranstaltungen","item":"https:\/\/www.hoerhof.de\/start\/events\/"},{"@type":"ListItem","position":3,"name":"Die H\u00f6erhof &#8211; Kriminacht"}]},{"@type":"WebSite","@id":"https:\/\/www.hoerhof.de\/start\/#website","url":"https:\/\/www.hoerhof.de\/start\/","name":"Restaurant ****Hotel H\u00d6ERHOF in Idstein bei Frankfurt","description":"Speisen und Schlafen vom Feinsten","potentialAction":[{"@type":"SearchAction","target":{"@type":"EntryPoint","urlTemplate":"https:\/\/www.hoerhof.de\/start\/?s={search_term_string}"},"query-input":{"@type":"PropertyValueSpecification","valueRequired":true,"valueName":"search_term_string"}}],"inLanguage":"de"}]}},"ticketed":false,"_links":{"self":[{"href":"https:\/\/www.hoerhof.de\/start\/wp-json\/wp\/v2\/tribe_events\/9110","targetHints":{"allow":["GET"]}}],"collection":[{"href":"https:\/\/www.hoerhof.de\/start\/wp-json\/wp\/v2\/tribe_events"}],"about":[{"href":"https:\/\/www.hoerhof.de\/start\/wp-json\/wp\/v2\/types\/tribe_events"}],"author":[{"embeddable":true,"href":"https:\/\/www.hoerhof.de\/start\/wp-json\/wp\/v2\/users\/2"}],"version-history":[{"count":1,"href":"https:\/\/www.hoerhof.de\/start\/wp-json\/wp\/v2\/tribe_events\/9110\/revisions"}],"predecessor-version":[{"id":9111,"href":"https:\/\/www.hoerhof.de\/start\/wp-json\/wp\/v2\/tribe_events\/9110\/revisions\/9111"}],"wp:featuredmedia":[{"embeddable":true,"href":"https:\/\/www.hoerhof.de\/start\/wp-json\/wp\/v2\/media\/2060"}],"wp:attachment":[{"href":"https:\/\/www.hoerhof.de\/start\/wp-json\/wp\/v2\/media?parent=9110"}],"wp:term":[{"taxonomy":"post_tag","embeddable":true,"href":"https:\/\/www.hoerhof.de\/start\/wp-json\/wp\/v2\/tags?post=9110"},{"taxonomy":"tribe_events_cat","embeddable":true,"href":"https:\/\/www.hoerhof.de\/start\/wp-json\/wp\/v2\/tribe_events_cat?post=9110"}],"curies":[{"name":"wp","href":"https:\/\/api.w.org\/{rel}","templated":true}]}}