{"id":9786,"date":"2026-08-24T21:50:25","date_gmt":"2026-08-24T19:50:25","guid":{"rendered":"https:\/\/www.hoerhof.de\/start\/?post_type=tribe_events&#038;p=9786"},"modified":"2026-08-26T18:40:50","modified_gmt":"2026-08-26T16:40:50","slug":"silvester-im-hoeerhof","status":"publish","type":"tribe_events","link":"https:\/\/www.hoerhof.de\/start\/veranstaltung\/silvester-im-hoeerhof\/","title":{"rendered":"Silvester im H\u00d6ERHOF"},"content":{"rendered":"<section class=\"wpb-content-wrapper\"><p>[vc_row][vc_column]<div class=\"text-block \" ><div class=\"simple-text \"><div style=\"padding-left: 40px;\">\n<h1>Viva Italia! \u2013 La dolce Vita<\/h1>\n<h2>Eine genussvolle Reise ins neue Jahr<\/h2>\n<p>Das alte Jahr geht \u2013 und Italien kommt. Am letzten Abend des Jahres wird der H\u00f6erhof italienisch: ein 5-Gang-Men\u00fc, K\u00fcnstler zwischen den G\u00e4ngen und um Mitternacht das Feuerwerk \u00fcber der Idsteiner Altstadt. La dolce Vita zum Jahreswechsel \u2013 Lebensfreude, Genuss und Eleganz.<\/p>\n<h3>Das Silvester Men\u00fc &#8211; f\u00fcnf G\u00e4nge durch Italien<\/h3>\n<p>Unsere K\u00fcche nimmt Sie mit von S\u00fcden nach Norden: von den K\u00fcsten des S\u00fcdens \u00fcber die Klassiker der Toskana bis zur K\u00fcche Norditaliens. Eine genussvolle Reise mit f\u00fcnf Stationen, auf der Sie die mediterrane Vielfalt und charakteristischen Aromen der italienischen K\u00fcche erkunden.<\/p>\n<h3><b>K\u00fcnstlerprogramm zwischen den G\u00e4ngen<\/b><\/h3>\n<p>Zwischen den f\u00fcnf G\u00e4ngen verbinden unsere K\u00fcnstler die Stationen Ihrer Italienreise.<\/p>\n<p>Der international ausgezeichnete <strong>Bauchredner Querni<\/strong> reist mit einem ganzen Ensemble eigenwilliger Charaktere \u2013 jeder mit speziellem Kopf und eigener Pointe. Sie kommentieren, sticheln, f\u00fchren von einer Station zur n\u00e4chsten und liefern sich mit ihrem Meister rasante Wortgefechte \u2013 frech, schlagfertig und charmant. Die ungew\u00f6hnlichen Reisebegleiter unterhalten Sie mit Tiefgang und klugem Humor.<\/p>\n<p>Auch <strong>Julian B\u00f6hme<\/strong> braucht keine erh\u00f6hte B\u00fchne: Der Showk\u00fcnstler kommt an die Tische \u2013 mit Close-up-Zauberei, Jonglage und dem Showkellner, der schon mal das Besteck auf der Nase tanzen l\u00e4sst. Und mit ihm zieht das Flair einer italienischen Stra\u00dfenshow durch den H\u00f6erhof, lebendig und mitten unter den G\u00e4sten.<\/p>\n<h2>Mitternacht \u00fcber der Idsteiner Altstadt<\/h2>\n<p>Wenn das alte Jahr sich verabschiedet, sto\u00dfen wir gemeinsam an. Um Mitternacht l\u00e4dt der H\u00f6erhof \u2013 wie ganz Idstein \u2013 zum <strong>Feuerwerk \u00fcber den D\u00e4chern der Altstadt<\/strong>. Ein herzliches \u201eBuon Anno!&#8221; ins neue Jahr.<\/p>\n<h2>Reservierung<\/h2>\n<p>Die Pl\u00e4tze f\u00fcr unsere Silvester-Dinner-Gala sind begrenzt. Sichern Sie sich Ihren Platz f\u00fcr f\u00fcnf G\u00e4nge, italienisches Flair und einem bezaubernden K\u00fcnstlerprogramm \u2013 und lassen Sie das Jahr in Idstein ausklingen. Wir empfehlen eine fr\u00fchzeitige Reservierung.<\/p>\n<\/div>\n<div><\/div>\n<div>\n<div><\/div>\n<\/div>\n<table class=\"contenttable\" style=\"width: 99.9037%; height: 128px;\">\n<tbody>\n<tr style=\"height: 22px;\">\n<th style=\"height: 22px; width: 21.7726%;\" scope=\"row\"><\/th>\n<td style=\"height: 22px; width: 77.553%;\"><span style=\"font-size: 18pt;\"><strong>Donnerstag, \u00a031. Dezember 2026<\/strong><\/span><\/td>\n<\/tr>\n<tr style=\"height: 24px;\">\n<th style=\"height: 24px; width: 21.7726%;\" scope=\"row\"><span style=\"font-size: 14pt;\">\ud83d\udd55 Beginn:<\/span><\/th>\n<td style=\"height: 24px; width: 77.553%;\"><span style=\"font-size: 14pt;\">19:00 Uhr<\/span><\/td>\n<\/tr>\n<tr style=\"height: 24px;\">\n<th style=\"height: 24px; width: 21.7726%;\" scope=\"row\"><span style=\"font-size: 14pt;\"><strong>\ud83d\udcb3 Arrangementpreis<\/strong>:<\/span><\/th>\n<td style=\"height: 24px; width: 77.553%;\"><span style=\"font-size: 14pt;\">198,00 \u20ac pro Person<\/span><\/td>\n<\/tr>\n<tr style=\"height: 48px;\">\n<th style=\"height: 48px; width: 21.7726%;\" scope=\"row\"><span style=\"font-size: 14pt;\">\u2728<b> Inklusivleistungen:<\/b><\/span><\/th>\n<td style=\"height: 48px; width: 77.553%;\">\n<ul>\n<li><span style=\"font-size: 14pt;\">Begr\u00fc\u00dfungstrunk<\/span><\/li>\n<li><span style=\"font-size: 14pt;\">5-G\u00e4nge-\u201eViva Italia\u201c-Men\u00fc<\/span><\/li>\n<li><span style=\"font-size: 14pt;\">K\u00fcnstlerprogramm<\/span><\/li>\n<li><span style=\"font-size: 14pt;\">Italienisches Lebensgef\u00fchl und \u201eLa dolce Vita\u201c zum Jahreswechsel<\/span><\/li>\n<\/ul>\n<\/td>\n<\/tr>\n<tr style=\"height: 48px;\">\n<th style=\"height: 10px; width: 21.7726%;\" scope=\"row\"><span style=\"font-size: 14pt;\">Reservierung unter:<\/span><\/th>\n<td style=\"height: 10px; width: 77.553%;\"><span style=\"font-size: 14pt;\">Tel: 06126 50026\u00a0\u00a0\u00a0\u00a0\u00a0 \u21d2 <a>info@hoerhof.de<\/a><\/span><\/td>\n<\/tr>\n<\/tbody>\n<\/table>\n<\/div><\/div>[\/vc_column][\/vc_row]<\/p>\n<\/section>","protected":false},"excerpt":{"rendered":"<p>Viva Italia! \u2013 La dolce Vita<br \/>\nEine genussvolle Reise ins neue Jahr<\/p>\n","protected":false},"author":2,"featured_media":9205,"template":"","meta":{"_price":"","_stock":"","_tribe_ticket_header":"","_tribe_default_ticket_provider":"","_tribe_ticket_capacity":"0","_ticket_start_date":"","_ticket_end_date":"","_tribe_ticket_show_description":"","_tribe_ticket_show_not_going":false,"_tribe_ticket_use_global_stock":"","_tribe_ticket_global_stock_level":"","_global_stock_mode":"","_global_stock_cap":"","_tribe_rsvp_for_event":"","_tribe_ticket_going_count":"","_tribe_ticket_not_going_count":"","_tribe_tickets_list":"[]","_tribe_ticket_has_attendee_info_fields":false,"_tribe_events_status":"","_tribe_events_status_reason":"","footnotes":"","_tec_slr_enabled":"","_tec_slr_layout":"","_links_to":"","_links_to_target":""},"tags":[],"tribe_events_cat":[19,23],"class_list":["post-9786","tribe_events","type-tribe_events","status-publish","has-post-thumbnail","hentry","tribe_events_cat-events","tribe_events_cat-winter","cat_events","cat_winter"],"yoast_head":"<!-- This site is optimized with the Yoast SEO plugin v28.4 - https:\/\/yoast.com\/product\/yoast-seo-wordpress\/ -->\n<title>Silvester im H\u00d6ERHOF - Restaurant ****Hotel H\u00d6ERHOF in Idstein bei Frankfurt<\/title>\n<meta name=\"description\" content=\"Eine genussvolle Reise ins neue Jahr. Das Beste zum Schluss: Erleben Sie den perfekten Jahresausklang und lassen Sie sich verw\u00f6hnen...\" \/>\n<meta name=\"robots\" content=\"index, follow, max-snippet:-1, max-image-preview:large, max-video-preview:-1\" \/>\n<link rel=\"canonical\" href=\"https:\/\/www.hoerhof.de\/start\/veranstaltung\/silvester-im-hoeerhof\/\" \/>\n<meta property=\"og:locale\" content=\"de_DE\" \/>\n<meta property=\"og:type\" content=\"article\" \/>\n<meta property=\"og:title\" content=\"Silvester im H\u00d6ERHOF - Restaurant ****Hotel H\u00d6ERHOF in Idstein bei Frankfurt\" \/>\n<meta property=\"og:description\" content=\"Eine genussvolle Reise ins neue Jahr. Das Beste zum Schluss: Erleben Sie den perfekten Jahresausklang und lassen Sie sich verw\u00f6hnen...\" \/>\n<meta property=\"og:url\" content=\"https:\/\/www.hoerhof.de\/start\/veranstaltung\/silvester-im-hoeerhof\/\" \/>\n<meta property=\"og:site_name\" content=\"Restaurant ****Hotel H\u00d6ERHOF in Idstein bei Frankfurt\" \/>\n<meta property=\"article:modified_time\" content=\"2026-08-26T16:40:50+00:00\" \/>\n<meta property=\"og:image\" content=\"https:\/\/www.hoerhof.de\/start\/wp-content\/uploads\/2025\/05\/Silvester-neu.jpg\" \/>\n\t<meta property=\"og:image:width\" content=\"1500\" \/>\n\t<meta property=\"og:image:height\" content=\"750\" \/>\n\t<meta property=\"og:image:type\" content=\"image\/jpeg\" \/>\n<meta name=\"twitter:label1\" content=\"Gesch\u00e4tzte Lesezeit\" \/>\n\t<meta name=\"twitter:data1\" content=\"3\u00a0Minuten\" \/>\n<script type=\"application\/ld+json\" class=\"yoast-schema-graph\">{\"@context\":\"https:\\\/\\\/schema.org\",\"@graph\":[{\"@type\":\"WebPage\",\"@id\":\"https:\\\/\\\/www.hoerhof.de\\\/start\\\/veranstaltung\\\/silvester-im-hoeerhof\\\/\",\"url\":\"https:\\\/\\\/www.hoerhof.de\\\/start\\\/veranstaltung\\\/silvester-im-hoeerhof\\\/\",\"name\":\"Silvester im H\u00d6ERHOF - Restaurant ****Hotel H\u00d6ERHOF in Idstein bei Frankfurt\",\"isPartOf\":{\"@id\":\"https:\\\/\\\/www.hoerhof.de\\\/start\\\/#website\"},\"primaryImageOfPage\":{\"@id\":\"https:\\\/\\\/www.hoerhof.de\\\/start\\\/veranstaltung\\\/silvester-im-hoeerhof\\\/#primaryimage\"},\"image\":{\"@id\":\"https:\\\/\\\/www.hoerhof.de\\\/start\\\/veranstaltung\\\/silvester-im-hoeerhof\\\/#primaryimage\"},\"thumbnailUrl\":\"https:\\\/\\\/www.hoerhof.de\\\/start\\\/wp-content\\\/uploads\\\/2025\\\/05\\\/Silvester-neu.jpg\",\"datePublished\":\"2026-08-24T19:50:25+00:00\",\"dateModified\":\"2026-08-26T16:40:50+00:00\",\"description\":\"Eine genussvolle Reise ins neue Jahr. Das Beste zum Schluss: Erleben Sie den perfekten Jahresausklang und lassen Sie sich verw\u00f6hnen...\",\"breadcrumb\":{\"@id\":\"https:\\\/\\\/www.hoerhof.de\\\/start\\\/veranstaltung\\\/silvester-im-hoeerhof\\\/#breadcrumb\"},\"inLanguage\":\"de\",\"potentialAction\":[{\"@type\":\"ReadAction\",\"target\":[\"https:\\\/\\\/www.hoerhof.de\\\/start\\\/veranstaltung\\\/silvester-im-hoeerhof\\\/\"]}]},{\"@type\":\"ImageObject\",\"inLanguage\":\"de\",\"@id\":\"https:\\\/\\\/www.hoerhof.de\\\/start\\\/veranstaltung\\\/silvester-im-hoeerhof\\\/#primaryimage\",\"url\":\"https:\\\/\\\/www.hoerhof.de\\\/start\\\/wp-content\\\/uploads\\\/2025\\\/05\\\/Silvester-neu.jpg\",\"contentUrl\":\"https:\\\/\\\/www.hoerhof.de\\\/start\\\/wp-content\\\/uploads\\\/2025\\\/05\\\/Silvester-neu.jpg\",\"width\":1500,\"height\":750},{\"@type\":\"BreadcrumbList\",\"@id\":\"https:\\\/\\\/www.hoerhof.de\\\/start\\\/veranstaltung\\\/silvester-im-hoeerhof\\\/#breadcrumb\",\"itemListElement\":[{\"@type\":\"ListItem\",\"position\":1,\"name\":\"Startseite\",\"item\":\"https:\\\/\\\/www.hoerhof.de\\\/start\\\/\"},{\"@type\":\"ListItem\",\"position\":2,\"name\":\"Veranstaltungen\",\"item\":\"https:\\\/\\\/www.hoerhof.de\\\/start\\\/events\\\/\"},{\"@type\":\"ListItem\",\"position\":3,\"name\":\"Silvester im H\u00d6ERHOF\"}]},{\"@type\":\"WebSite\",\"@id\":\"https:\\\/\\\/www.hoerhof.de\\\/start\\\/#website\",\"url\":\"https:\\\/\\\/www.hoerhof.de\\\/start\\\/\",\"name\":\"Restaurant ****Hotel H\u00d6ERHOF in Idstein bei Frankfurt\",\"description\":\"Speisen und Schlafen vom Feinsten\",\"potentialAction\":[{\"@type\":\"SearchAction\",\"target\":{\"@type\":\"EntryPoint\",\"urlTemplate\":\"https:\\\/\\\/www.hoerhof.de\\\/start\\\/?s={search_term_string}\"},\"query-input\":{\"@type\":\"PropertyValueSpecification\",\"valueRequired\":true,\"valueName\":\"search_term_string\"}}],\"inLanguage\":\"de\"}]}<\/script>\n<!-- \/ Yoast SEO plugin. -->","yoast_head_json":{"title":"Silvester im H\u00d6ERHOF - Restaurant ****Hotel H\u00d6ERHOF in Idstein bei Frankfurt","description":"Eine genussvolle Reise ins neue Jahr. Das Beste zum Schluss: Erleben Sie den perfekten Jahresausklang und lassen Sie sich verw\u00f6hnen...","robots":{"index":"index","follow":"follow","max-snippet":"max-snippet:-1","max-image-preview":"max-image-preview:large","max-video-preview":"max-video-preview:-1"},"canonical":"https:\/\/www.hoerhof.de\/start\/veranstaltung\/silvester-im-hoeerhof\/","og_locale":"de_DE","og_type":"article","og_title":"Silvester im H\u00d6ERHOF - Restaurant ****Hotel H\u00d6ERHOF in Idstein bei Frankfurt","og_description":"Eine genussvolle Reise ins neue Jahr. Das Beste zum Schluss: Erleben Sie den perfekten Jahresausklang und lassen Sie sich verw\u00f6hnen...","og_url":"https:\/\/www.hoerhof.de\/start\/veranstaltung\/silvester-im-hoeerhof\/","og_site_name":"Restaurant ****Hotel H\u00d6ERHOF in Idstein bei Frankfurt","article_modified_time":"2026-08-26T16:40:50+00:00","og_image":[{"width":1500,"height":750,"url":"https:\/\/www.hoerhof.de\/start\/wp-content\/uploads\/2025\/05\/Silvester-neu.jpg","type":"image\/jpeg"}],"twitter_misc":{"Gesch\u00e4tzte Lesezeit":"3\u00a0Minuten"},"schema":{"@context":"https:\/\/schema.org","@graph":[{"@type":"WebPage","@id":"https:\/\/www.hoerhof.de\/start\/veranstaltung\/silvester-im-hoeerhof\/","url":"https:\/\/www.hoerhof.de\/start\/veranstaltung\/silvester-im-hoeerhof\/","name":"Silvester im H\u00d6ERHOF - Restaurant ****Hotel H\u00d6ERHOF in Idstein bei Frankfurt","isPartOf":{"@id":"https:\/\/www.hoerhof.de\/start\/#website"},"primaryImageOfPage":{"@id":"https:\/\/www.hoerhof.de\/start\/veranstaltung\/silvester-im-hoeerhof\/#primaryimage"},"image":{"@id":"https:\/\/www.hoerhof.de\/start\/veranstaltung\/silvester-im-hoeerhof\/#primaryimage"},"thumbnailUrl":"https:\/\/www.hoerhof.de\/start\/wp-content\/uploads\/2025\/05\/Silvester-neu.jpg","datePublished":"2026-08-24T19:50:25+00:00","dateModified":"2026-08-26T16:40:50+00:00","description":"Eine genussvolle Reise ins neue Jahr. Das Beste zum Schluss: Erleben Sie den perfekten Jahresausklang und lassen Sie sich verw\u00f6hnen...","breadcrumb":{"@id":"https:\/\/www.hoerhof.de\/start\/veranstaltung\/silvester-im-hoeerhof\/#breadcrumb"},"inLanguage":"de","potentialAction":[{"@type":"ReadAction","target":["https:\/\/www.hoerhof.de\/start\/veranstaltung\/silvester-im-hoeerhof\/"]}]},{"@type":"ImageObject","inLanguage":"de","@id":"https:\/\/www.hoerhof.de\/start\/veranstaltung\/silvester-im-hoeerhof\/#primaryimage","url":"https:\/\/www.hoerhof.de\/start\/wp-content\/uploads\/2025\/05\/Silvester-neu.jpg","contentUrl":"https:\/\/www.hoerhof.de\/start\/wp-content\/uploads\/2025\/05\/Silvester-neu.jpg","width":1500,"height":750},{"@type":"BreadcrumbList","@id":"https:\/\/www.hoerhof.de\/start\/veranstaltung\/silvester-im-hoeerhof\/#breadcrumb","itemListElement":[{"@type":"ListItem","position":1,"name":"Startseite","item":"https:\/\/www.hoerhof.de\/start\/"},{"@type":"ListItem","position":2,"name":"Veranstaltungen","item":"https:\/\/www.hoerhof.de\/start\/events\/"},{"@type":"ListItem","position":3,"name":"Silvester im H\u00d6ERHOF"}]},{"@type":"WebSite","@id":"https:\/\/www.hoerhof.de\/start\/#website","url":"https:\/\/www.hoerhof.de\/start\/","name":"Restaurant ****Hotel H\u00d6ERHOF in Idstein bei Frankfurt","description":"Speisen und Schlafen vom Feinsten","potentialAction":[{"@type":"SearchAction","target":{"@type":"EntryPoint","urlTemplate":"https:\/\/www.hoerhof.de\/start\/?s={search_term_string}"},"query-input":{"@type":"PropertyValueSpecification","valueRequired":true,"valueName":"search_term_string"}}],"inLanguage":"de"}]}},"ticketed":false,"_links":{"self":[{"href":"https:\/\/www.hoerhof.de\/start\/wp-json\/wp\/v2\/tribe_events\/9786","targetHints":{"allow":["GET"]}}],"collection":[{"href":"https:\/\/www.hoerhof.de\/start\/wp-json\/wp\/v2\/tribe_events"}],"about":[{"href":"https:\/\/www.hoerhof.de\/start\/wp-json\/wp\/v2\/types\/tribe_events"}],"author":[{"embeddable":true,"href":"https:\/\/www.hoerhof.de\/start\/wp-json\/wp\/v2\/users\/2"}],"version-history":[{"count":5,"href":"https:\/\/www.hoerhof.de\/start\/wp-json\/wp\/v2\/tribe_events\/9786\/revisions"}],"predecessor-version":[{"id":9819,"href":"https:\/\/www.hoerhof.de\/start\/wp-json\/wp\/v2\/tribe_events\/9786\/revisions\/9819"}],"wp:featuredmedia":[{"embeddable":true,"href":"https:\/\/www.hoerhof.de\/start\/wp-json\/wp\/v2\/media\/9205"}],"wp:attachment":[{"href":"https:\/\/www.hoerhof.de\/start\/wp-json\/wp\/v2\/media?parent=9786"}],"wp:term":[{"taxonomy":"post_tag","embeddable":true,"href":"https:\/\/www.hoerhof.de\/start\/wp-json\/wp\/v2\/tags?post=9786"},{"taxonomy":"tribe_events_cat","embeddable":true,"href":"https:\/\/www.hoerhof.de\/start\/wp-json\/wp\/v2\/tribe_events_cat?post=9786"}],"curies":[{"name":"wp","href":"https:\/\/api.w.org\/{rel}","templated":true}]}}